{"id":66710,"date":"2026-04-28T22:20:10","date_gmt":"2026-04-28T20:20:10","guid":{"rendered":"https:\/\/cases.fundesplai.org\/conoce\/jornadas-y-estancias-para-entidades-deportivas\/"},"modified":"2026-04-28T22:30:40","modified_gmt":"2026-04-28T20:30:40","slug":"jornadas-y-estancias-para-entidades-deportivas","status":"publish","type":"page","link":"https:\/\/cases.fundesplai.org\/es\/conoce\/jornadas-y-estancias-para-entidades-deportivas\/","title":{"rendered":"Jornadas y estancias para entidades deportivas"},"content":{"rendered":"<p>[et_pb_section fb_built=\u00bb1&#8243; fullwidth=\u00bbon\u00bb _builder_version=\u00bb4.21.0&#8243; custom_margin=\u00bb||50px|\u00bb locked=\u00bboff\u00bb global_colors_info=\u00bb{}\u00bb][et_pb_fullwidth_slider show_pagination=\u00bboff\u00bb admin_label=\u00bbFullwidth Slider\u00bb module_class=\u00bbslider-capcalera\u00bb _builder_version=\u00bb4.27.4&#8243; global_colors_info=\u00bb{}\u00bb button_text_size__hover_enabled=\u00bboff\u00bb button_text_size__hover=\u00bbnull\u00bb button_one_text_size__hover_enabled=\u00bboff\u00bb button_one_text_size__hover=\u00bbnull\u00bb button_two_text_size__hover_enabled=\u00bboff\u00bb button_two_text_size__hover=\u00bbnull\u00bb button_text_color__hover_enabled=\u00bboff\u00bb button_text_color__hover=\u00bbnull\u00bb button_one_text_color__hover_enabled=\u00bboff\u00bb button_one_text_color__hover=\u00bbnull\u00bb button_two_text_color__hover_enabled=\u00bboff\u00bb button_two_text_color__hover=\u00bbnull\u00bb button_border_width__hover_enabled=\u00bboff\u00bb button_border_width__hover=\u00bbnull\u00bb button_one_border_width__hover_enabled=\u00bboff\u00bb button_one_border_width__hover=\u00bbnull\u00bb button_two_border_width__hover_enabled=\u00bboff\u00bb button_two_border_width__hover=\u00bbnull\u00bb button_border_color__hover_enabled=\u00bboff\u00bb button_border_color__hover=\u00bbnull\u00bb button_one_border_color__hover_enabled=\u00bboff\u00bb button_one_border_color__hover=\u00bbnull\u00bb button_two_border_color__hover_enabled=\u00bboff\u00bb button_two_border_color__hover=\u00bbnull\u00bb button_border_radius__hover_enabled=\u00bboff\u00bb button_border_radius__hover=\u00bbnull\u00bb button_one_border_radius__hover_enabled=\u00bboff\u00bb button_one_border_radius__hover=\u00bbnull\u00bb button_two_border_radius__hover_enabled=\u00bboff\u00bb button_two_border_radius__hover=\u00bbnull\u00bb button_letter_spacing__hover_enabled=\u00bboff\u00bb button_letter_spacing__hover=\u00bbnull\u00bb button_one_letter_spacing__hover_enabled=\u00bboff\u00bb button_one_letter_spacing__hover=\u00bbnull\u00bb button_two_letter_spacing__hover_enabled=\u00bboff\u00bb button_two_letter_spacing__hover=\u00bbnull\u00bb button_bg_color__hover_enabled=\u00bboff\u00bb button_bg_color__hover=\u00bbnull\u00bb button_one_bg_color__hover_enabled=\u00bboff\u00bb button_one_bg_color__hover=\u00bbnull\u00bb button_two_bg_color__hover_enabled=\u00bboff\u00bb button_two_bg_color__hover=\u00bbnull\u00bb][et_pb_slide button_link=\u00bb@ET-DC@eyJkeW5hbWljIjp0cnVlLCJjb250ZW50IjoicG9zdF9saW5rX3VybF9wYWdlIiwic2V0dGluZ3MiOnsicG9zdF9pZCI6IjE1MTEiLCJlbmFibGVfaHRtbCI6Im9mZiJ9fQ==@\u00bb use_bg_overlay=\u00bboff\u00bb use_text_overlay=\u00bboff\u00bb _builder_version=\u00bb4.27.4&#8243; _dynamic_attributes=\u00bbbutton_link,link_option_url\u00bb background_image=\u00bbhttps:\/\/cases.fundesplai.org\/wp-content\/uploads\/2026\/04\/Partit-basquet-pista-esportiva-Sau.jpg\u00bb background_enable_image=\u00bbon\u00bb button_on_hover=\u00bbon\u00bb link_option_url=\u00bb@ET-DC@eyJkeW5hbWljIjp0cnVlLCJjb250ZW50IjoicG9zdF9saW5rX3VybF9wYWdlIiwic2V0dGluZ3MiOnsicG9zdF9pZCI6IjE1MTEiLCJlbmFibGVfaHRtbCI6Im9mZiJ9fQ==@\u00bb global_colors_info=\u00bb{}\u00bb sticky_transition=\u00bbon\u00bb][\/et_pb_slide][\/et_pb_fullwidth_slider][\/et_pb_section][et_pb_section fb_built=\u00bb1&#8243; _builder_version=\u00bb4.16&#8243; locked=\u00bboff\u00bb collapsed=\u00bboff\u00bb global_colors_info=\u00bb{}\u00bb][et_pb_row _builder_version=\u00bb4.23.1&#8243; global_colors_info=\u00bb{}\u00bb][et_pb_column type=\u00bb4_4&#8243; _builder_version=\u00bb4.16&#8243; custom_padding=\u00bb|||\u00bb global_colors_info=\u00bb{}\u00bb custom_padding__hover=\u00bb|||\u00bb][et_pb_post_title author=\u00bboff\u00bb date=\u00bboff\u00bb comments=\u00bboff\u00bb featured_image=\u00bboff\u00bb _builder_version=\u00bb4.27.4&#8243; _module_preset=\u00bbdefault\u00bb global_colors_info=\u00bb{}\u00bb][\/et_pb_post_title][et_pb_text admin_label=\u00bbintro\u00bb _builder_version=\u00bb4.27.4&#8243; _module_preset=\u00bbdefault\u00bb custom_margin=\u00bb30px||||false|false\u00bb global_colors_info=\u00bb{}\u00bb]<\/p>\n<h3 style=\"text-align: center;\">Casas de colonias en la naturaleza con instalaciones deportivas<\/h3>\n<p>Nuestras <strong>casas de colonias <a href=\"https:\/\/cases.fundesplai.org\/es\/conoce-2\/la-sostenibilidad\/\">sostenibles<\/a><\/strong> son el espacio ideal para organizar <strong>jornadas y estancias deportivas<\/strong> en un entorno tranquilo, seguro y con instalaciones preparadas para grupos.<\/p>\n<p>Ofrecemos alojamiento y espacios pensados \u200b\u200bpara <strong>stages de pretemporada, entrenamientos al aire libre, colonias para miembros de tu equipo, fines de semana de formaci\u00f3n, cohesi\u00f3n de equipo, campus y celebraciones de final de temporada, y encuentros de clubes y federaciones<\/strong>. Con zonas con <strong>pistas deportivas<\/strong> y <strong>amplios espacios exteriores<\/strong> para entrenar y realizar actividades complementarias en plena naturaleza. <\/p>\n<p>Adem\u00e1s disponemos de <a href=\"https:\/\/cases.fundesplai.org\/es\/conoce-2\/la-accesibilidad\/\">instalaciones adaptadas para personas con movilidad reducida<\/a> para garantizar una <strong>experiencia accesible e inclusiva<\/strong> para todos y todas.<\/p>\n<p>[\/et_pb_text][et_pb_text admin_label=\u00bbPREU\u00bb _builder_version=\u00bb4.27.4&#8243; _module_preset=\u00bbdefault\u00bb custom_margin=\u00bb30px||||false|false\u00bb border_radii=\u00bbon|10px|10px|10px|10px\u00bb border_width_all=\u00bb3px\u00bb border_color_all=\u00bb#dcdc1c\u00bb box_shadow_style=\u00bbpreset1&#8243; global_colors_info=\u00bb{}\u00bb]<\/p>\n<h3 style=\"text-align: center;\">Precio base: desde 49 \u20ac\/persona*<\/h3>\n<p style=\"text-align: center;\"><em>*Incluye el alojamiento en pensi\u00f3n completa y el uso de espacios, pistas y piscina.<\/em><\/p>\n<p>[\/et_pb_text][et_pb_button button_url=\u00bb@ET-DC@eyJkeW5hbWljIjp0cnVlLCJjb250ZW50IjoicG9zdF9saW5rX3VybF9wYWdlIiwic2V0dGluZ3MiOnsicG9zdF9pZCI6IjE1MTEiLCJlbmFibGVfaHRtbCI6Im9mZiJ9fQ==@\u00bb button_text=\u00bb\u00a1Pide un presupuesto a medida!\u00bb button_alignment=\u00bbcenter\u00bb _builder_version=\u00bb4.27.4&#8243; _dynamic_attributes=\u00bbbutton_url\u00bb _module_preset=\u00bbdefault\u00bb custom_margin=\u00bb40px||||false|false\u00bb global_colors_info=\u00bb{}\u00bb][\/et_pb_button][\/et_pb_column][\/et_pb_row][et_pb_row _builder_version=\u00bb4.23.1&#8243; _module_preset=\u00bbdefault\u00bb custom_margin=\u00bb40px||||false|false\u00bb collapsed=\u00bboff\u00bb global_colors_info=\u00bb{}\u00bb][et_pb_column type=\u00bb4_4&#8243; _builder_version=\u00bb4.21.0&#8243; _module_preset=\u00bbdefault\u00bb global_colors_info=\u00bb{}\u00bb][et_pb_text admin_label=\u00bbServeis inclosos\u00bb _builder_version=\u00bb4.23.1&#8243; _module_preset=\u00bbdefault\u00bb custom_margin=\u00bb||||false|false\u00bb global_colors_info=\u00bb{}\u00bb]<\/p>\n<h2 style=\"text-align: center;\">Servicios incluidos<\/h2>\n<p>[\/et_pb_text][\/et_pb_column][\/et_pb_row][et_pb_row column_structure=\u00bb1_2,1_2&#8243; use_custom_gutter=\u00bbon\u00bb module_class=\u00bbllista-amb-icones-senzilla\u00bb _builder_version=\u00bb4.16&#8243; max_width=\u00bb672px\u00bb module_alignment=\u00bbcenter\u00bb custom_margin=\u00bb||50px|\u00bb use_custom_width=\u00bbon\u00bb custom_width_px=\u00bb672px\u00bb locked=\u00bboff\u00bb global_colors_info=\u00bb{}\u00bb][et_pb_column type=\u00bb1_2&#8243; _builder_version=\u00bb4.16&#8243; custom_padding=\u00bb|||\u00bb global_colors_info=\u00bb{}\u00bb custom_padding__hover=\u00bb|||\u00bb][et_pb_blurb use_icon=\u00bbon\u00bb font_icon=\u00bb&#xe559;||fa||900&#8243; icon_placement=\u00bbleft\u00bb admin_label=\u00bbpensi\u00f3 completa\u00bb _builder_version=\u00bb4.27.4&#8243; custom_margin=\u00bb|10px|||false|false\u00bb custom_padding=\u00bb||||false|false\u00bb global_colors_info=\u00bb{}\u00bb]<\/p>\n<p>Pensi\u00f3n completa<\/p>\n<p>[\/et_pb_blurb][et_pb_blurb use_icon=\u00bbon\u00bb font_icon=\u00bb&#xf8f8;||fa||900&#8243; icon_placement=\u00bbleft\u00bb admin_label=\u00bbhabitacions\u00bb _builder_version=\u00bb4.27.4&#8243; custom_margin=\u00bb|10px|||false|false\u00bb custom_padding=\u00bb||||false|false\u00bb global_colors_info=\u00bb{}\u00bb]<\/p>\n<p>Habitaciones para grupos<\/p>\n<p>[\/et_pb_blurb][et_pb_blurb use_icon=\u00bbon\u00bb font_icon=\u00bb&#xf51b;||fa||900&#8243; icon_placement=\u00bbleft\u00bb admin_label=\u00bbespais\u00bb _builder_version=\u00bb4.27.4&#8243; custom_margin=\u00bb|10px|||false|false\u00bb custom_padding=\u00bb||||false|false\u00bb global_colors_info=\u00bb{}\u00bb]<\/p>\n<p>Espacios comunes polivalentes<\/p>\n<p>[\/et_pb_blurb][et_pb_blurb use_icon=\u00bbon\u00bb font_icon=\u00bb&#xf435;||fa||900&#8243; icon_placement=\u00bbleft\u00bb admin_label=\u00bbpistes esportives\u00bb _builder_version=\u00bb4.27.4&#8243; custom_margin=\u00bb|10px|||false|false\u00bb custom_padding=\u00bb||||false|false\u00bb global_colors_info=\u00bb{}\u00bb]<\/p>\n<p>Pistas deportivas<\/p>\n<p>[\/et_pb_blurb][et_pb_blurb use_icon=\u00bbon\u00bb font_icon=\u00bb&#xe2ce;||fa||900&#8243; icon_placement=\u00bbleft\u00bb admin_label=\u00bbcases de col\u00f2nies accessibles\u00bb _builder_version=\u00bb4.27.4&#8243; custom_margin=\u00bb|10px|||false|false\u00bb custom_padding=\u00bb||||false|false\u00bb global_colors_info=\u00bb{}\u00bb]<\/p>\n<p>Casas de colonias accesibles<\/p>\n<p>[\/et_pb_blurb][\/et_pb_column][et_pb_column type=\u00bb1_2&#8243; _builder_version=\u00bb4.16&#8243; custom_padding=\u00bb|||\u00bb global_colors_info=\u00bb{}\u00bb custom_padding__hover=\u00bb|||\u00bb][et_pb_blurb use_icon=\u00bbon\u00bb font_icon=\u00bb&#xf498;||fa||900&#8243; icon_placement=\u00bbleft\u00bb admin_label=\u00bbllen\u00e7ols\u00bb _builder_version=\u00bb4.27.4&#8243; custom_margin=\u00bb|10px|||false|false\u00bb custom_padding=\u00bb||||false|false\u00bb global_colors_info=\u00bb{}\u00bb]<\/p>\n<p>S\u00e1bana bajera y manta<\/p>\n<p>[\/et_pb_blurb][et_pb_blurb use_icon=\u00bbon\u00bb font_icon=\u00bb&#xf81e;||fa||900&#8243; icon_placement=\u00bbleft\u00bb admin_label=\u00bbmen\u00fa\u00bb _builder_version=\u00bb4.27.4&#8243; custom_margin=\u00bb|10px|||false|false\u00bb custom_padding=\u00bb||||false|false\u00bb global_colors_info=\u00bb{}\u00bb]<\/p>\n<p>Men\u00fa casero y dietas especiales<\/p>\n<p>[\/et_pb_blurb][et_pb_blurb use_icon=\u00bbon\u00bb font_icon=\u00bb&#xf5c4;||fa||900&#8243; icon_placement=\u00bbleft\u00bb admin_label=\u00bbpiscina\u00bb _builder_version=\u00bb4.27.4&#8243; custom_margin=\u00bb|10px|||false|false\u00bb custom_padding=\u00bb||||false|false\u00bb global_colors_info=\u00bb{}\u00bb]<\/p>\n<p>Piscina (verano)<\/p>\n<p>[\/et_pb_blurb][et_pb_blurb use_icon=\u00bbon\u00bb font_icon=\u00bb&#xf400;||fa||900&#8243; icon_placement=\u00bbleft\u00bb admin_label=\u00bbespais verds\u00bb _builder_version=\u00bb4.27.4&#8243; custom_margin=\u00bb|10px|||false|false\u00bb custom_padding=\u00bb||||false|false\u00bb global_colors_info=\u00bb{}\u00bb]<\/p>\n<p>Jardines y espacios verdes<\/p>\n<p>[\/et_pb_blurb][et_pb_blurb use_icon=\u00bbon\u00bb font_icon=\u00bb&#xf06c;||fa||900&#8243; icon_placement=\u00bbleft\u00bb admin_label=\u00bbcases de col\u00f2nies sostenibles\u00bb _builder_version=\u00bb4.27.4&#8243; custom_margin=\u00bb|10px|||false|false\u00bb custom_padding=\u00bb||||false|false\u00bb global_colors_info=\u00bb{}\u00bb]<\/p>\n<p>Casas de colonias sostenibles<\/p>\n<p>[\/et_pb_blurb][\/et_pb_column][\/et_pb_row][et_pb_row _builder_version=\u00bb4.23.1&#8243; _module_preset=\u00bbdefault\u00bb custom_margin=\u00bb40px||||false|false\u00bb collapsed=\u00bboff\u00bb global_colors_info=\u00bb{}\u00bb][et_pb_column type=\u00bb4_4&#8243; _builder_version=\u00bb4.21.0&#8243; _module_preset=\u00bbdefault\u00bb global_colors_info=\u00bb{}\u00bb][et_pb_text admin_label=\u00bbles cases de col\u00f2nies\u00bb _builder_version=\u00bb4.27.4&#8243; _module_preset=\u00bbdefault\u00bb custom_margin=\u00bb||||false|false\u00bb global_colors_info=\u00bb{}\u00bb]<\/p>\n<h2 style=\"text-align: center;\">Casas de colonias disponibles<\/h2>\n<p>Disponemos de varias casas de colonias en la naturaleza con espacios e instalaciones ideales para entrenamientos, convivencias y campus deportivos. <strong>Al lado del pantano de Sau (Osona), junto a Montserrat (Bages) y bajo los riscos de Busa (Solson\u00e8s)<\/strong>. Cada una de ellas cuenta con <strong>vistas excepcionales, grandes extensiones de bosques y prados, equipamientos de deporte e itinerarios de naturaleza cercanos<\/strong>, perfectos para entrenar, correr y realizar actividades al aire libre. <\/p>\n<p>Elige la que mejor se adapte <strong>al tama\u00f1o y tipolog\u00eda de tu grupo<\/strong> y cons\u00faltanos para m\u00e1s informaci\u00f3n.<\/p>\n<p>[\/et_pb_text][\/et_pb_column][\/et_pb_row][et_pb_row column_structure=\u00bb1_3,1_3,1_3&#8243; _builder_version=\u00bb4.23.1&#8243; _module_preset=\u00bbdefault\u00bb custom_margin=\u00bb40px||||false|false\u00bb global_colors_info=\u00bb{}\u00bb][et_pb_column type=\u00bb1_3&#8243; _builder_version=\u00bb4.23.1&#8243; _module_preset=\u00bbdefault\u00bb global_colors_info=\u00bb{}\u00bb][et_pb_slider _builder_version=\u00bb4.27.4&#8243; _module_preset=\u00bbdefault\u00bb background_image=\u00bbhttps:\/\/cases.fundesplai.org\/wp-content\/uploads\/2024\/02\/colonies-entitats-sense-anim-lucre.jpg\u00bb custom_margin=\u00bb|10px||10px|false|false\u00bb global_colors_info=\u00bb{}\u00bb][et_pb_slide _builder_version=\u00bb4.23.1&#8243; _module_preset=\u00bbdefault\u00bb background_enable_color=\u00bboff\u00bb background_image=\u00bbhttps:\/\/cases.fundesplai.org\/wp-content\/uploads\/2024\/02\/colonies-entitats-sense-anim-lucre.jpg\u00bb background_enable_image=\u00bbon\u00bb link_option_url=\u00bbhttps:\/\/cases.fundesplai.org\/es\/equipament\/can-mateu\/\u00bb global_colors_info=\u00bb{}\u00bb sticky_transition=\u00bbon\u00bb][\/et_pb_slide][et_pb_slide _builder_version=\u00bb4.23.1&#8243; _module_preset=\u00bbdefault\u00bb background_enable_color=\u00bboff\u00bb background_image=\u00bbhttps:\/\/cases.fundesplai.org\/wp-content\/uploads\/2016\/01\/can-mateu-exterior-1.jpg\u00bb background_enable_image=\u00bbon\u00bb link_option_url=\u00bbhttps:\/\/cases.fundesplai.org\/es\/equipament\/can-mateu\/\u00bb global_colors_info=\u00bb{}\u00bb sticky_transition=\u00bbon\u00bb][\/et_pb_slide][et_pb_slide _builder_version=\u00bb4.23.1&#8243; _module_preset=\u00bbdefault\u00bb background_enable_color=\u00bboff\u00bb background_image=\u00bbhttps:\/\/cases.fundesplai.org\/wp-content\/uploads\/2020\/06\/Mateu_exterior_2-1200&#215;675-1.jpg\u00bb background_enable_image=\u00bbon\u00bb link_option_url=\u00bbhttps:\/\/cases.fundesplai.org\/es\/equipament\/can-mateu\/\u00bb global_colors_info=\u00bb{}\u00bb sticky_transition=\u00bbon\u00bb][\/et_pb_slide][et_pb_slide _builder_version=\u00bb4.27.4&#8243; _module_preset=\u00bbdefault\u00bb background_enable_color=\u00bboff\u00bb background_image=\u00bbhttps:\/\/cases.fundesplai.org\/wp-content\/uploads\/2026\/01\/Pista-esportiva-Sau-3-Fundesplai.webp\u00bb background_enable_image=\u00bbon\u00bb link_option_url=\u00bbhttps:\/\/cases.fundesplai.org\/es\/equipament\/can-mateu\/\u00bb global_colors_info=\u00bb{}\u00bb sticky_transition=\u00bbon\u00bb][\/et_pb_slide][\/et_pb_slider][et_pb_text admin_label=\u00bbCan Mateu\u00bb _builder_version=\u00bb4.27.4&#8243; _module_preset=\u00bbdefault\u00bb text_line_height=\u00bb1.3em\u00bb custom_margin=\u00bb|10px||10px|false|false\u00bb global_colors_info=\u00bb{}\u00bb]<\/p>\n<h3 style=\"text-align: center;\"><a href=\"https:\/\/cases.fundesplai.org\/es\/equipament\/can-mateu\/\">CAN MATEU<\/a><\/h3>\n<p>[\/et_pb_text][\/et_pb_column][et_pb_column type=\u00bb1_3&#8243; _builder_version=\u00bb4.23.1&#8243; _module_preset=\u00bbdefault\u00bb global_colors_info=\u00bb{}\u00bb][et_pb_slider _builder_version=\u00bb4.27.4&#8243; _module_preset=\u00bbdefault\u00bb custom_margin=\u00bb|10px||10px|false|false\u00bb global_colors_info=\u00bb{}\u00bb][et_pb_slide _builder_version=\u00bb4.23.1&#8243; _module_preset=\u00bbdefault\u00bb background_enable_color=\u00bboff\u00bb background_image=\u00bbhttps:\/\/cases.fundesplai.org\/wp-content\/uploads\/2023\/04\/Portada-Porxos-Sau-pont-1-de-maig-Fundesplai.jpg\u00bb background_enable_image=\u00bbon\u00bb link_option_url=\u00bbhttps:\/\/cases.fundesplai.org\/es\/equipament\/els-porxos\/\u00bb global_colors_info=\u00bb{}\u00bb sticky_transition=\u00bbon\u00bb][\/et_pb_slide][et_pb_slide _builder_version=\u00bb4.23.1&#8243; _module_preset=\u00bbdefault\u00bb background_enable_color=\u00bboff\u00bb background_image=\u00bbhttps:\/\/cases.fundesplai.org\/wp-content\/uploads\/2016\/01\/Porxos_exterior_3.jpg\u00bb background_enable_image=\u00bbon\u00bb link_option_url=\u00bbhttps:\/\/cases.fundesplai.org\/es\/equipament\/els-porxos\/\u00bb global_colors_info=\u00bb{}\u00bb sticky_transition=\u00bbon\u00bb][\/et_pb_slide][et_pb_slide _builder_version=\u00bb4.23.1&#8243; _module_preset=\u00bbdefault\u00bb background_enable_color=\u00bboff\u00bb background_image=\u00bbhttps:\/\/cases.fundesplai.org\/wp-content\/uploads\/2016\/01\/Porxos_exterior_1.jpg\u00bb background_enable_image=\u00bbon\u00bb link_option_url=\u00bbhttps:\/\/cases.fundesplai.org\/es\/equipament\/els-porxos\/\u00bb global_colors_info=\u00bb{}\u00bb sticky_transition=\u00bbon\u00bb][\/et_pb_slide][et_pb_slide _builder_version=\u00bb4.27.4&#8243; _module_preset=\u00bbdefault\u00bb background_enable_color=\u00bboff\u00bb background_image=\u00bbhttps:\/\/cases.fundesplai.org\/wp-content\/uploads\/2026\/01\/Pista-esportiva-Sau-3-Fundesplai.webp\u00bb background_enable_image=\u00bbon\u00bb link_option_url=\u00bbhttps:\/\/cases.fundesplai.org\/es\/equipament\/els-porxos\/\u00bb global_colors_info=\u00bb{}\u00bb sticky_transition=\u00bbon\u00bb][\/et_pb_slide][\/et_pb_slider][et_pb_text admin_label=\u00bbEls Porxos\u00bb _builder_version=\u00bb4.27.4&#8243; _module_preset=\u00bbdefault\u00bb custom_margin=\u00bb|10px||10px|false|false\u00bb global_colors_info=\u00bb{}\u00bb]<\/p>\n<h3 style=\"text-align: center;\"><a href=\"https:\/\/cases.fundesplai.org\/es\/equipament\/els-porxos\/\">ELS PORXOS<\/a><\/h3>\n<p>[\/et_pb_text][\/et_pb_column][et_pb_column type=\u00bb1_3&#8243; _builder_version=\u00bb4.23.1&#8243; _module_preset=\u00bbdefault\u00bb global_colors_info=\u00bb{}\u00bb][et_pb_slider _builder_version=\u00bb4.27.4&#8243; _module_preset=\u00bbdefault\u00bb custom_margin=\u00bb|10px||10px|false|false\u00bb global_colors_info=\u00bb{}\u00bb][et_pb_slide _builder_version=\u00bb4.23.1&#8243; _module_preset=\u00bbdefault\u00bb background_enable_color=\u00bboff\u00bb background_image=\u00bbhttps:\/\/cases.fundesplai.org\/wp-content\/uploads\/2023\/04\/Portada-Cinglera-Sau-pont-1-de-maig-Fundesplai.jpg\u00bb background_enable_image=\u00bbon\u00bb link_option_url=\u00bbhttps:\/\/cases.fundesplai.org\/equipament\/la-cinglera\/\u00bb global_colors_info=\u00bb{}\u00bb sticky_transition=\u00bbon\u00bb][\/et_pb_slide][et_pb_slide _builder_version=\u00bb4.23.1&#8243; _module_preset=\u00bbdefault\u00bb background_enable_color=\u00bboff\u00bb background_image=\u00bbhttps:\/\/cases.fundesplai.org\/wp-content\/uploads\/2016\/01\/la-cinglera-exterior-2.jpg\u00bb background_enable_image=\u00bbon\u00bb link_option_url=\u00bbhttps:\/\/cases.fundesplai.org\/equipament\/la-cinglera\/\u00bb global_colors_info=\u00bb{}\u00bb sticky_transition=\u00bbon\u00bb][\/et_pb_slide][et_pb_slide _builder_version=\u00bb4.23.1&#8243; _module_preset=\u00bbdefault\u00bb background_enable_color=\u00bboff\u00bb background_image=\u00bbhttps:\/\/cases.fundesplai.org\/wp-content\/uploads\/2016\/01\/la-cinglera-exterior-8.jpg\u00bb background_enable_image=\u00bbon\u00bb link_option_url=\u00bbhttps:\/\/cases.fundesplai.org\/equipament\/la-cinglera\/\u00bb global_colors_info=\u00bb{}\u00bb sticky_transition=\u00bbon\u00bb][\/et_pb_slide][et_pb_slide _builder_version=\u00bb4.27.4&#8243; _module_preset=\u00bbdefault\u00bb background_enable_color=\u00bboff\u00bb background_image=\u00bbhttps:\/\/cases.fundesplai.org\/wp-content\/uploads\/2026\/01\/Pista-esportiva-Sau-3-Fundesplai.webp\u00bb background_enable_image=\u00bbon\u00bb link_option_url=\u00bbhttps:\/\/cases.fundesplai.org\/equipament\/la-cinglera\/\u00bb global_colors_info=\u00bb{}\u00bb sticky_transition=\u00bbon\u00bb][\/et_pb_slide][\/et_pb_slider][et_pb_text admin_label=\u00bbLa Cinglera\u00bb _builder_version=\u00bb4.27.4&#8243; _module_preset=\u00bbdefault\u00bb custom_margin=\u00bb|10px||10px|false|false\u00bb global_colors_info=\u00bb{}\u00bb]<\/p>\n<h3 style=\"text-align: center;\"><a href=\"https:\/\/cases.fundesplai.org\/es\/equipament\/la-cinglera\/\">LA CINGLERA<\/a><\/h3>\n<p>[\/et_pb_text][\/et_pb_column][\/et_pb_row][et_pb_row column_structure=\u00bb1_3,1_3,1_3&#8243; disabled_on=\u00bbon|on|off\u00bb _builder_version=\u00bb4.23.1&#8243; _module_preset=\u00bbdefault\u00bb custom_margin=\u00bb40px||||false|false\u00bb custom_padding=\u00bb|12px||||\u00bb global_colors_info=\u00bb{}\u00bb][et_pb_column type=\u00bb1_3&#8243; _builder_version=\u00bb4.23.1&#8243; _module_preset=\u00bbdefault\u00bb global_colors_info=\u00bb{}\u00bb][et_pb_slider _builder_version=\u00bb4.27.4&#8243; _module_preset=\u00bbdefault\u00bb width=\u00bb100%\u00bb min_height=\u00bb100px\u00bb custom_margin=\u00bb|-80px||75px|false|false\u00bb global_colors_info=\u00bb{}\u00bb][et_pb_slide _builder_version=\u00bb4.27.4&#8243; _module_preset=\u00bbdefault\u00bb background_enable_color=\u00bboff\u00bb background_image=\u00bbhttps:\/\/cases.fundesplai.org\/wp-content\/uploads\/2016\/01\/Tardor_Rectoria_2.jpeg\u00bb background_enable_image=\u00bbon\u00bb link_option_url=\u00bbhttps:\/\/cases.fundesplai.org\/es\/equipament\/els-porxos\/\u00bb global_colors_info=\u00bb{}\u00bb sticky_transition=\u00bbon\u00bb][\/et_pb_slide][et_pb_slide _builder_version=\u00bb4.27.4&#8243; _module_preset=\u00bbdefault\u00bb background_enable_color=\u00bboff\u00bb background_image=\u00bbhttps:\/\/cases.fundesplai.org\/wp-content\/uploads\/2016\/01\/Piscina_Rectoria_13.jpg\u00bb background_enable_image=\u00bbon\u00bb link_option_url=\u00bbhttps:\/\/cases.fundesplai.org\/es\/equipament\/els-porxos\/\u00bb global_colors_info=\u00bb{}\u00bb sticky_transition=\u00bbon\u00bb][\/et_pb_slide][et_pb_slide _builder_version=\u00bb4.27.4&#8243; _module_preset=\u00bbdefault\u00bb background_enable_color=\u00bboff\u00bb background_image=\u00bbhttps:\/\/cases.fundesplai.org\/wp-content\/uploads\/2025\/02\/Paisatge-casa-colonies-La-Rectoria.jpg\u00bb background_enable_image=\u00bbon\u00bb link_option_url=\u00bbhttps:\/\/cases.fundesplai.org\/es\/equipament\/els-porxos\/\u00bb global_colors_info=\u00bb{}\u00bb sticky_transition=\u00bbon\u00bb][\/et_pb_slide][et_pb_slide _builder_version=\u00bb4.27.4&#8243; _module_preset=\u00bbdefault\u00bb background_enable_color=\u00bboff\u00bb background_image=\u00bbhttps:\/\/cases.fundesplai.org\/wp-content\/uploads\/2026\/01\/Pista-casa-colonies-Rectoria-Fundesplai.webp\u00bb background_enable_image=\u00bbon\u00bb link_option_url=\u00bbhttps:\/\/cases.fundesplai.org\/es\/equipament\/els-porxos\/\u00bb global_colors_info=\u00bb{}\u00bb sticky_transition=\u00bbon\u00bb][\/et_pb_slide][\/et_pb_slider][et_pb_text admin_label=\u00bbLa Rectoria\u00bb _builder_version=\u00bb4.27.4&#8243; _module_preset=\u00bbdefault\u00bb width=\u00bb100%\u00bb custom_margin=\u00bb|10px||72px|false|false\u00bb global_colors_info=\u00bb{}\u00bb]<\/p>\n<h3 style=\"text-align: center;\"><a href=\"https:\/\/cases.fundesplai.org\/es\/equipament\/la-rectoria-de-la-selva-i-la-pinassa\/\">LA RECTORIA DE LA SELVA<\/a><\/h3>\n<p>[\/et_pb_text][\/et_pb_column][et_pb_column type=\u00bb1_3&#8243; _builder_version=\u00bb4.23.1&#8243; _module_preset=\u00bbdefault\u00bb global_colors_info=\u00bb{}\u00bb][\/et_pb_column][et_pb_column type=\u00bb1_3&#8243; _builder_version=\u00bb4.23.1&#8243; _module_preset=\u00bbdefault\u00bb global_colors_info=\u00bb{}\u00bb][et_pb_slider _builder_version=\u00bb4.27.4&#8243; _module_preset=\u00bbdefault\u00bb custom_margin=\u00bb|75px||-65px|false|false\u00bb global_colors_info=\u00bb{}\u00bb][et_pb_slide _builder_version=\u00bb4.27.4&#8243; _module_preset=\u00bbdefault\u00bb background_enable_color=\u00bboff\u00bb background_image=\u00bbhttps:\/\/cases.fundesplai.org\/wp-content\/uploads\/2016\/01\/Viladoms_Exterior_4.jpg\u00bb background_enable_image=\u00bbon\u00bb link_option_url=\u00bbhttps:\/\/cases.fundesplai.org\/equipament\/la-cinglera\/\u00bb global_colors_info=\u00bb{}\u00bb sticky_transition=\u00bbon\u00bb][\/et_pb_slide][et_pb_slide _builder_version=\u00bb4.27.4&#8243; _module_preset=\u00bbdefault\u00bb background_enable_color=\u00bboff\u00bb background_image=\u00bbhttps:\/\/cases.fundesplai.org\/wp-content\/uploads\/2025\/02\/Piscina-alberg-Viladoms-de-Baix.png\u00bb background_enable_image=\u00bbon\u00bb link_option_url=\u00bbhttps:\/\/cases.fundesplai.org\/equipament\/la-cinglera\/\u00bb global_colors_info=\u00bb{}\u00bb sticky_transition=\u00bbon\u00bb][\/et_pb_slide][et_pb_slide _builder_version=\u00bb4.27.4&#8243; _module_preset=\u00bbdefault\u00bb background_enable_color=\u00bboff\u00bb background_image=\u00bbhttps:\/\/cases.fundesplai.org\/wp-content\/uploads\/2016\/01\/Viladoms_Exterior_5.jpg\u00bb background_enable_image=\u00bbon\u00bb link_option_url=\u00bbhttps:\/\/cases.fundesplai.org\/equipament\/la-cinglera\/\u00bb global_colors_info=\u00bb{}\u00bb sticky_transition=\u00bbon\u00bb][\/et_pb_slide][et_pb_slide _builder_version=\u00bb4.27.4&#8243; _module_preset=\u00bbdefault\u00bb background_enable_color=\u00bboff\u00bb background_image=\u00bbhttps:\/\/cases.fundesplai.org\/wp-content\/uploads\/2026\/04\/Installacions-esportives-Viladoms.jpg\u00bb background_enable_image=\u00bbon\u00bb link_option_url=\u00bbhttps:\/\/cases.fundesplai.org\/equipament\/la-cinglera\/\u00bb global_colors_info=\u00bb{}\u00bb sticky_transition=\u00bbon\u00bb][\/et_pb_slide][\/et_pb_slider][et_pb_text admin_label=\u00bbViladoms\u00bb _builder_version=\u00bb4.27.4&#8243; _module_preset=\u00bbdefault\u00bb width=\u00bb101%\u00bb custom_margin=\u00bb|10px||-67px|false|false\u00bb global_colors_info=\u00bb{}\u00bb]<\/p>\n<h3 style=\"text-align: center;\"><a href=\"https:\/\/cases.fundesplai.org\/es\/equipament\/viladoms-de-baix\/\">VILADOMOS DE BAJO<\/a><\/h3>\n<p>[\/et_pb_text][\/et_pb_column][\/et_pb_row][et_pb_row column_structure=\u00bb1_3,1_3,1_3&#8243; disabled_on=\u00bboff|off|on\u00bb _builder_version=\u00bb4.23.1&#8243; _module_preset=\u00bbdefault\u00bb custom_margin=\u00bb40px||||false|false\u00bb custom_padding=\u00bb|12px||||\u00bb global_colors_info=\u00bb{}\u00bb][et_pb_column type=\u00bb1_3&#8243; _builder_version=\u00bb4.23.1&#8243; _module_preset=\u00bbdefault\u00bb global_colors_info=\u00bb{}\u00bb][et_pb_slider _builder_version=\u00bb4.27.4&#8243; _module_preset=\u00bbdefault\u00bb width=\u00bb100%\u00bb min_height=\u00bb100px\u00bb custom_margin=\u00bb|10px||10px|false|false\u00bb global_colors_info=\u00bb{}\u00bb][et_pb_slide _builder_version=\u00bb4.27.4&#8243; _module_preset=\u00bbdefault\u00bb background_enable_color=\u00bboff\u00bb background_image=\u00bbhttps:\/\/cases.fundesplai.org\/wp-content\/uploads\/2016\/01\/Tardor_Rectoria_2.jpeg\u00bb background_enable_image=\u00bbon\u00bb link_option_url=\u00bbhttps:\/\/cases.fundesplai.org\/es\/equipament\/els-porxos\/\u00bb global_colors_info=\u00bb{}\u00bb sticky_transition=\u00bbon\u00bb][\/et_pb_slide][et_pb_slide _builder_version=\u00bb4.27.4&#8243; _module_preset=\u00bbdefault\u00bb background_enable_color=\u00bboff\u00bb background_image=\u00bbhttps:\/\/cases.fundesplai.org\/wp-content\/uploads\/2016\/01\/Piscina_Rectoria_13.jpg\u00bb background_enable_image=\u00bbon\u00bb link_option_url=\u00bbhttps:\/\/cases.fundesplai.org\/es\/equipament\/els-porxos\/\u00bb global_colors_info=\u00bb{}\u00bb sticky_transition=\u00bbon\u00bb][\/et_pb_slide][et_pb_slide _builder_version=\u00bb4.27.4&#8243; _module_preset=\u00bbdefault\u00bb background_enable_color=\u00bboff\u00bb background_image=\u00bbhttps:\/\/cases.fundesplai.org\/wp-content\/uploads\/2025\/02\/Paisatge-casa-colonies-La-Rectoria.jpg\u00bb background_enable_image=\u00bbon\u00bb link_option_url=\u00bbhttps:\/\/cases.fundesplai.org\/es\/equipament\/els-porxos\/\u00bb global_colors_info=\u00bb{}\u00bb sticky_transition=\u00bbon\u00bb][\/et_pb_slide][\/et_pb_slider][et_pb_text admin_label=\u00bbLa Rectoria\u00bb _builder_version=\u00bb4.27.4&#8243; _module_preset=\u00bbdefault\u00bb width=\u00bb100%\u00bb custom_margin=\u00bb|10px||10px|false|false\u00bb global_colors_info=\u00bb{}\u00bb]<\/p>\n<h3 style=\"text-align: center;\"><a href=\"https:\/\/cases.fundesplai.org\/es\/equipament\/la-rectoria-de-la-selva-i-la-pinassa\/\">LA RECTORIA DE LA SELVA<\/a><\/h3>\n<p>[\/et_pb_text][\/et_pb_column][et_pb_column type=\u00bb1_3&#8243; _builder_version=\u00bb4.23.1&#8243; _module_preset=\u00bbdefault\u00bb global_colors_info=\u00bb{}\u00bb][et_pb_slider _builder_version=\u00bb4.27.4&#8243; _module_preset=\u00bbdefault\u00bb custom_margin=\u00bb|10px||10px|false|false\u00bb global_colors_info=\u00bb{}\u00bb][et_pb_slide _builder_version=\u00bb4.27.4&#8243; _module_preset=\u00bbdefault\u00bb background_enable_color=\u00bboff\u00bb background_image=\u00bbhttps:\/\/cases.fundesplai.org\/wp-content\/uploads\/2016\/01\/Viladoms_Exterior_4.jpg\u00bb background_enable_image=\u00bbon\u00bb link_option_url=\u00bbhttps:\/\/cases.fundesplai.org\/equipament\/la-cinglera\/\u00bb global_colors_info=\u00bb{}\u00bb sticky_transition=\u00bbon\u00bb][\/et_pb_slide][et_pb_slide _builder_version=\u00bb4.27.4&#8243; _module_preset=\u00bbdefault\u00bb background_enable_color=\u00bboff\u00bb background_image=\u00bbhttps:\/\/cases.fundesplai.org\/wp-content\/uploads\/2025\/02\/Piscina-alberg-Viladoms-de-Baix.png\u00bb background_enable_image=\u00bbon\u00bb link_option_url=\u00bbhttps:\/\/cases.fundesplai.org\/equipament\/la-cinglera\/\u00bb global_colors_info=\u00bb{}\u00bb sticky_transition=\u00bbon\u00bb][\/et_pb_slide][et_pb_slide _builder_version=\u00bb4.27.4&#8243; _module_preset=\u00bbdefault\u00bb background_enable_color=\u00bboff\u00bb background_image=\u00bbhttps:\/\/cases.fundesplai.org\/wp-content\/uploads\/2016\/01\/Viladoms_Exterior_5.jpg\u00bb background_enable_image=\u00bbon\u00bb link_option_url=\u00bbhttps:\/\/cases.fundesplai.org\/equipament\/la-cinglera\/\u00bb global_colors_info=\u00bb{}\u00bb sticky_transition=\u00bbon\u00bb][\/et_pb_slide][\/et_pb_slider][et_pb_text admin_label=\u00bbViladoms\u00bb _builder_version=\u00bb4.27.4&#8243; _module_preset=\u00bbdefault\u00bb width=\u00bb101%\u00bb custom_margin=\u00bb|10px||10px|false|false\u00bb global_colors_info=\u00bb{}\u00bb]<\/p>\n<h3 style=\"text-align: center;\"><a href=\"https:\/\/cases.fundesplai.org\/es\/equipament\/viladoms-de-baix\/\">VILADOMOS DE BAJO<\/a><\/h3>\n<p>[\/et_pb_text][\/et_pb_column][et_pb_column type=\u00bb1_3&#8243; _builder_version=\u00bb4.23.1&#8243; _module_preset=\u00bbdefault\u00bb global_colors_info=\u00bb{}\u00bb][\/et_pb_column][\/et_pb_row][et_pb_row _builder_version=\u00bb4.23.1&#8243; _module_preset=\u00bbdefault\u00bb custom_margin=\u00bb40px||||false|false\u00bb collapsed=\u00bboff\u00bb global_colors_info=\u00bb{}\u00bb][et_pb_column type=\u00bb4_4&#8243; _builder_version=\u00bb4.21.0&#8243; _module_preset=\u00bbdefault\u00bb global_colors_info=\u00bb{}\u00bb][et_pb_text admin_label=\u00bbActivitats complement\u00e0ries\u00bb _builder_version=\u00bb4.27.4&#8243; _module_preset=\u00bbdefault\u00bb custom_margin=\u00bb||35px||false|false\u00bb global_colors_info=\u00bb{}\u00bb]<\/p>\n<h2 style=\"text-align: center;\">Actividades complementarias*<\/h2>\n<p style=\"text-align: center;\">*No incluidas en el precio base, es necesario contratarlas aparte. \u00a1Cons\u00faltanos para saber cu\u00e1les est\u00e1n disponibles en cada casa de colonias! <\/p>\n<p>[\/et_pb_text][\/et_pb_column][\/et_pb_row][et_pb_row column_structure=\u00bb1_3,1_3,1_3&#8243; use_custom_gutter=\u00bbon\u00bb gutter_width=\u00bb4&#8243; module_class=\u00bbllista-icones-blurb-awesome\u00bb _builder_version=\u00bb4.16&#8243; custom_padding=\u00bb||20px||false|false\u00bb locked=\u00bboff\u00bb global_colors_info=\u00bb{}\u00bb][et_pb_column type=\u00bb1_3&#8243; _builder_version=\u00bb4.16&#8243; custom_padding=\u00bb|||\u00bb global_colors_info=\u00bb{}\u00bb custom_padding__hover=\u00bb|||\u00bb][et_pb_blurb title=\u00bbTiro con arco\u00bb use_icon=\u00bbon\u00bb font_icon=\u00bb&#xf648;||fa||900&#8243; icon_color=\u00bb#333333&#8243; admin_label=\u00bbtir amb arc\u00bb _builder_version=\u00bb4.27.4&#8243; header_text_color=\u00bb#333333&#8243; text_orientation=\u00bbcenter\u00bb custom_margin=\u00bb||0px|\u00bb z_index_tablet=\u00bb500&#8243; global_colors_info=\u00bb{}\u00bb][\/et_pb_blurb][et_pb_blurb title=\u00bbTrekking y senderismo\u00bb use_icon=\u00bbon\u00bb font_icon=\u00bb&#xf6ec;||fa||900&#8243; icon_color=\u00bb#333333&#8243; admin_label=\u00bbtrekking\u00bb _builder_version=\u00bb4.27.4&#8243; header_text_color=\u00bb#333333&#8243; text_orientation=\u00bbcenter\u00bb custom_margin=\u00bb10px||||false|false\u00bb z_index_tablet=\u00bb500&#8243; global_colors_info=\u00bb{}\u00bb][\/et_pb_blurb][et_pb_blurb title=\u00bbParque de aventura y tirolinas\u00bb use_icon=\u00bbon\u00bb font_icon=\u00bb&#xe3ab;||fa||900&#8243; icon_color=\u00bb#333333&#8243; admin_label=\u00bbParc aventura\u00bb _builder_version=\u00bb4.27.4&#8243; header_text_color=\u00bb#333333&#8243; text_orientation=\u00bbcenter\u00bb custom_margin=\u00bb||0px|\u00bb z_index_tablet=\u00bb500&#8243; global_colors_info=\u00bb{}\u00bb][\/et_pb_blurb][\/et_pb_column][et_pb_column type=\u00bb1_3&#8243; _builder_version=\u00bb4.16&#8243; custom_padding=\u00bb|||\u00bb global_colors_info=\u00bb{}\u00bb custom_padding__hover=\u00bb|||\u00bb][et_pb_blurb title=\u00bbBTT en grupo\u00bb use_icon=\u00bbon\u00bb font_icon=\u00bb&#xf206;||fa||900&#8243; icon_color=\u00bb#333333&#8243; admin_label=\u00bbBTT\u00bb _builder_version=\u00bb4.27.4&#8243; header_text_color=\u00bb#333333&#8243; text_orientation=\u00bbcenter\u00bb custom_margin=\u00bb||0px|\u00bb z_index_tablet=\u00bb500&#8243; global_colors_info=\u00bb{}\u00bb][\/et_pb_blurb][et_pb_blurb title=\u00bbRoc\u00f3dromo y escalada\u00bb use_icon=\u00bbon\u00bb font_icon=\u00bb&#xf885;||fa||900&#8243; icon_color=\u00bb#333333&#8243; admin_label=\u00bbroc\u00f2drom\u00bb _builder_version=\u00bb4.27.4&#8243; header_text_color=\u00bb#333333&#8243; text_orientation=\u00bbcenter\u00bb custom_margin=\u00bb10px||||false|false\u00bb z_index_tablet=\u00bb500&#8243; global_colors_info=\u00bb{}\u00bb][\/et_pb_blurb][et_pb_blurb title=\u00bbPing pong\u00bb use_icon=\u00bbon\u00bb font_icon=\u00bb&#xf45d;||fa||900&#8243; icon_color=\u00bb#333333&#8243; admin_label=\u00bbTaules ping pong\u00bb _builder_version=\u00bb4.27.4&#8243; header_text_color=\u00bb#333333&#8243; text_orientation=\u00bbcenter\u00bb custom_margin=\u00bb||0px|\u00bb z_index_tablet=\u00bb500&#8243; global_colors_info=\u00bb{}\u00bb][\/et_pb_blurb][\/et_pb_column][et_pb_column type=\u00bb1_3&#8243; _builder_version=\u00bb4.16&#8243; custom_padding=\u00bb|||\u00bb global_colors_info=\u00bb{}\u00bb custom_padding__hover=\u00bb|||\u00bb][et_pb_blurb title=\u00bbKayak\u00bb use_icon=\u00bbon\u00bb font_icon=\u00bb&#xf773;||fa||900&#8243; icon_color=\u00bb#333333&#8243; admin_label=\u00bbCaiac\u00bb _builder_version=\u00bb4.27.4&#8243; header_text_color=\u00bb#333333&#8243; text_orientation=\u00bbcenter\u00bb custom_margin=\u00bb||0px|\u00bb z_index_tablet=\u00bb500&#8243; global_colors_info=\u00bb{}\u00bb][\/et_pb_blurb][et_pb_blurb title=\u00bbCircuito de orientaci\u00f3n\u00bb use_icon=\u00bbon\u00bb font_icon=\u00bb&#xf456;||fa||900&#8243; icon_color=\u00bb#333333&#8243; admin_label=\u00bbcircuit orientaci\u00f3\u00bb _builder_version=\u00bb4.27.4&#8243; header_text_color=\u00bb#333333&#8243; text_orientation=\u00bbcenter\u00bb custom_margin=\u00bb10px||||false|false\u00bb z_index_tablet=\u00bb500&#8243; global_colors_info=\u00bb{}\u00bb][\/et_pb_blurb][et_pb_blurb title=\u00bbDeportes de equipo y olimpiadas\u00bb use_icon=\u00bbon\u00bb font_icon=\u00bb&#xe533;||fa||900&#8243; icon_color=\u00bb#333333&#8243; admin_label=\u00bbEsports d&#8217;equip\u00bb _builder_version=\u00bb4.27.4&#8243; header_text_color=\u00bb#333333&#8243; text_orientation=\u00bbcenter\u00bb custom_margin=\u00bb||0px|\u00bb z_index_tablet=\u00bb500&#8243; global_colors_info=\u00bb{}\u00bb][\/et_pb_blurb][\/et_pb_column][\/et_pb_row][et_pb_row _builder_version=\u00bb4.23.1&#8243; _module_preset=\u00bbdefault\u00bb custom_margin=\u00bb40px||||false|false\u00bb collapsed=\u00bboff\u00bb global_colors_info=\u00bb{}\u00bb][et_pb_column type=\u00bb4_4&#8243; _builder_version=\u00bb4.21.0&#8243; _module_preset=\u00bbdefault\u00bb global_colors_info=\u00bb{}\u00bb][et_pb_text admin_label=\u00bbServeis addicionals\u00bb _builder_version=\u00bb4.23.1&#8243; _module_preset=\u00bbdefault\u00bb custom_margin=\u00bb||||false|false\u00bb global_colors_info=\u00bb{}\u00bb]<\/p>\n<h2 style=\"text-align: center;\">Servicios adicionales*<\/h2>\n<p style=\"text-align: center;\">*No incluidos en el precio base, es necesario contratarlos aparte<\/p>\n<p>[\/et_pb_text][\/et_pb_column][\/et_pb_row][\/et_pb_section][et_pb_section fb_built=\u00bb1&#8243; module_class=\u00bbseccio-serveis remove-llista\u00bb _builder_version=\u00bb4.16&#8243; custom_margin=\u00bb||40px|\u00bb locked=\u00bboff\u00bb global_colors_info=\u00bb{}\u00bb][et_pb_row column_structure=\u00bb1_2,1_2&#8243; use_custom_gutter=\u00bbon\u00bb gutter_width=\u00bb3&#8243; _builder_version=\u00bb4.16&#8243; global_colors_info=\u00bb{}\u00bb][et_pb_column type=\u00bb1_2&#8243; _builder_version=\u00bb4.16&#8243; custom_padding=\u00bb|||\u00bb global_colors_info=\u00bb{}\u00bb custom_padding__hover=\u00bb|||\u00bb][et_pb_text admin_label=\u00bbserveis 1&#8243; _builder_version=\u00bb4.27.4&#8243; z_index_tablet=\u00bb500&#8243; global_colors_info=\u00bb{}\u00bb]<\/p>\n<ul>\n<li>Actividades <strong>espec\u00edficas<\/strong><\/li>\n<\/ul>\n<hr>\n<ul>\n<li><strong>Material<\/strong> : proyectores, pantallas, pizarras, audio&#8230;<\/li>\n<\/ul>\n<hr>\n<ul>\n<li>Alquiler de salas para formaciones y jornadas<\/li>\n<\/ul>\n<hr>\n<p>[\/et_pb_text][\/et_pb_column][et_pb_column type=\u00bb1_2&#8243; _builder_version=\u00bb4.16&#8243; custom_padding=\u00bb|||\u00bb global_colors_info=\u00bb{}\u00bb custom_padding__hover=\u00bb|||\u00bb][et_pb_text admin_label=\u00bbserveis 2&#8243; _builder_version=\u00bb4.27.4&#8243; z_index_tablet=\u00bb500&#8243; global_colors_info=\u00bb{}\u00bb]<\/p>\n<ul>\n<li><strong>Fotograf\u00eda<\/strong> y v\u00eddeo<\/li>\n<\/ul>\n<hr>\n<ul>\n<li><strong>Transporte en autocar<\/strong> hasta la casa<\/li>\n<\/ul>\n<hr>\n<ul>\n<li><strong>Restauraci\u00f3n<\/strong>: comidas especiales, coffee break, brunch, servicio en la mesa\u2026<\/li>\n<\/ul>\n<hr>\n<p>[\/et_pb_text][\/et_pb_column][\/et_pb_row][et_pb_row _builder_version=\u00bb4.21.0&#8243; _module_preset=\u00bbdefault\u00bb global_colors_info=\u00bb{}\u00bb][et_pb_column type=\u00bb4_4&#8243; _builder_version=\u00bb4.21.0&#8243; _module_preset=\u00bbdefault\u00bb global_colors_info=\u00bb{}\u00bb][et_pb_text admin_label=\u00bbEsport, conviv\u00e8ncia i natura\u00bb _builder_version=\u00bb4.27.4&#8243; _module_preset=\u00bbdefault\u00bb global_colors_info=\u00bb{}\u00bb]<\/p>\n<h2 style=\"text-align: center;\">Deporte, convivencia y naturaleza<\/h2>\n<p>[\/et_pb_text][\/et_pb_column][\/et_pb_row][et_pb_row column_structure=\u00bb1_4,1_4,1_4,1_4&#8243; _builder_version=\u00bb4.21.0&#8243; _module_preset=\u00bbdefault\u00bb global_colors_info=\u00bb{}\u00bb][et_pb_column type=\u00bb1_4&#8243; _builder_version=\u00bb4.21.0&#8243; _module_preset=\u00bbdefault\u00bb global_colors_info=\u00bb{}\u00bb][et_pb_image src=\u00bbhttps:\/\/cases.fundesplai.org\/wp-content\/uploads\/2026\/04\/Installacions-esportives-Sau.jpg\u00bb title_text=\u00bbInstalaciones deportivas Sau\u00bb align=\u00bbcenter\u00bb _builder_version=\u00bb4.27.4&#8243; _module_preset=\u00bbdefault\u00bb custom_margin=\u00bb|5px||5px|false|false\u00bb global_colors_info=\u00bb{}\u00bb][\/et_pb_image][\/et_pb_column][et_pb_column type=\u00bb1_4&#8243; _builder_version=\u00bb4.21.0&#8243; _module_preset=\u00bbdefault\u00bb global_colors_info=\u00bb{}\u00bb][et_pb_image src=\u00bbhttps:\/\/cases.fundesplai.org\/wp-content\/uploads\/2026\/04\/Basquet-pista-esportiva-Viladoms.jpg\u00bb title_text=\u00bbBaloncesto pista deportiva Viladoms\u00bb align=\u00bbcenter\u00bb _builder_version=\u00bb4.27.4&#8243; _module_preset=\u00bbdefault\u00bb custom_margin=\u00bb|5px||5px|false|false\u00bb global_colors_info=\u00bb{}\u00bb][\/et_pb_image][\/et_pb_column][et_pb_column type=\u00bb1_4&#8243; _builder_version=\u00bb4.21.0&#8243; _module_preset=\u00bbdefault\u00bb global_colors_info=\u00bb{}\u00bb][et_pb_image src=\u00bbhttps:\/\/cases.fundesplai.org\/wp-content\/uploads\/2026\/04\/Entitat-esportiva-entrenament-Sau.jpg\u00bb alt=\u00bbcan-mateu-exterior-actividad grupo entidad\u00bb title_text=\u00bbEntidad deportiva entrenamiento Sau\u00bb align=\u00bbcenter\u00bb _builder_version=\u00bb4.27.4&#8243; _module_preset=\u00bbdefault\u00bb custom_margin=\u00bb|5px||5px|false|false\u00bb global_colors_info=\u00bb{}\u00bb][\/et_pb_image][\/et_pb_column][et_pb_column type=\u00bb1_4&#8243; _builder_version=\u00bb4.21.0&#8243; _module_preset=\u00bbdefault\u00bb global_colors_info=\u00bb{}\u00bb][et_pb_image src=\u00bbhttps:\/\/cases.fundesplai.org\/wp-content\/uploads\/2026\/04\/Installacions-esportives-Viladoms.jpg\u00bb alt=\u00bbdin\u00e1mica grupo teambuilding canMateu\u00bb title_text=\u00bbInstalaciones deportivas Viladoms\u00bb align=\u00bbcenter\u00bb _builder_version=\u00bb4.27.4&#8243; _module_preset=\u00bbdefault\u00bb custom_margin=\u00bb|5px||5px|false|false\u00bb global_colors_info=\u00bb{}\u00bb][\/et_pb_image][\/et_pb_column][\/et_pb_row][et_pb_row column_structure=\u00bb1_4,1_4,1_4,1_4&#8243; _builder_version=\u00bb4.23.1&#8243; _module_preset=\u00bbdefault\u00bb custom_margin=\u00bb10px||||false|false\u00bb global_colors_info=\u00bb{}\u00bb][et_pb_column type=\u00bb1_4&#8243; _builder_version=\u00bb4.21.0&#8243; _module_preset=\u00bbdefault\u00bb global_colors_info=\u00bb{}\u00bb][et_pb_image src=\u00bbhttps:\/\/cases.fundesplai.org\/wp-content\/uploads\/2026\/04\/Instal.lacions-esportives-Sau.jpg\u00bb title_text=\u00bbInstalaciones deportivas Sau\u00bb align=\u00bbcenter\u00bb _builder_version=\u00bb4.27.4&#8243; _module_preset=\u00bbdefault\u00bb custom_margin=\u00bb|5px||5px|false|false\u00bb global_colors_info=\u00bb{}\u00bb][\/et_pb_image][\/et_pb_column][et_pb_column type=\u00bb1_4&#8243; _builder_version=\u00bb4.21.0&#8243; _module_preset=\u00bbdefault\u00bb global_colors_info=\u00bb{}\u00bb][et_pb_image src=\u00bbhttps:\/\/cases.fundesplai.org\/wp-content\/uploads\/2026\/04\/Mans-club-esportiu.jpg\u00bb alt=\u00bbdin\u00e1mica-grupo-juego-Fundesplai-jornadas-entidades-can Mateu\u00bb title_text=\u00bbManos club deportivo\u00bb align=\u00bbcenter\u00bb _builder_version=\u00bb4.27.4&#8243; _module_preset=\u00bbdefault\u00bb custom_margin=\u00bb|5px||5px|false|false\u00bb global_colors_info=\u00bb{}\u00bb][\/et_pb_image][\/et_pb_column][et_pb_column type=\u00bb1_4&#8243; _builder_version=\u00bb4.21.0&#8243; _module_preset=\u00bbdefault\u00bb global_colors_info=\u00bb{}\u00bb][et_pb_image src=\u00bbhttps:\/\/cases.fundesplai.org\/wp-content\/uploads\/2026\/04\/Natura-i-esport.jpg\u00bb alt=\u00bbsalas interiores Can Mateu casa colonias entidades Fundesplai\u00bb title_text=\u00bbNaturaleza y deporte\u00bb align=\u00bbcenter\u00bb _builder_version=\u00bb4.27.4&#8243; _module_preset=\u00bbdefault\u00bb custom_margin=\u00bb|5px||5px|false|false\u00bb global_colors_info=\u00bb{}\u00bb][\/et_pb_image][\/et_pb_column][et_pb_column type=\u00bb1_4&#8243; _builder_version=\u00bb4.21.0&#8243; _module_preset=\u00bbdefault\u00bb global_colors_info=\u00bb{}\u00bb][et_pb_image src=\u00bbhttps:\/\/cases.fundesplai.org\/wp-content\/uploads\/2026\/04\/Pista-esportiva-La-Rectoria-de-la-Selva.jpg\u00bb alt=\u00bbdin\u00e1mica-grupo-juego-Fundesplai-entidades-can Mateu\u00bb title_text=\u00bbPista deportiva La Rector\u00eda de la Selva\u00bb align=\u00bbcenter\u00bb _builder_version=\u00bb4.27.4&#8243; _module_preset=\u00bbdefault\u00bb custom_margin=\u00bb|5px||5px|false|false\u00bb global_colors_info=\u00bb{}\u00bb][\/et_pb_image][\/et_pb_column][\/et_pb_row][\/et_pb_section][et_pb_section fb_built=\u00bb1&#8243; _builder_version=\u00bb4.16&#8243; locked=\u00bboff\u00bb global_colors_info=\u00bb{}\u00bb][et_pb_row module_class=\u00bb et_pb_row_fullwidth\u00bb _builder_version=\u00bb4.21.0&#8243; width=\u00bb100%\u00bb width_tablet=\u00bb100%\u00bb width_phone=\u00bb\u00bb width_last_edited=\u00bbon|desktop\u00bb max_width=\u00bb100%\u00bb max_width_tablet=\u00bb100%\u00bb max_width_phone=\u00bb\u00bb max_width_last_edited=\u00bbon|desktop\u00bb custom_margin=\u00bb50px||||false|false\u00bb make_fullwidth=\u00bbon\u00bb global_colors_info=\u00bb{}\u00bb][et_pb_column type=\u00bb4_4&#8243; _builder_version=\u00bb4.16&#8243; custom_padding=\u00bb|||\u00bb global_colors_info=\u00bb{}\u00bb custom_padding__hover=\u00bb|||\u00bb][et_pb_cta title=\u00bb\u00bfQuieres organizar tu estancia deportiva?\u00bb button_url=\u00bb@ET-DC@eyJkeW5hbWljIjp0cnVlLCJjb250ZW50IjoicG9zdF9saW5rX3VybF9wYWdlIiwic2V0dGluZ3MiOnsicG9zdF9pZCI6IjE1MTEiLCJlbmFibGVfaHRtbCI6Im9mZiJ9fQ==@\u00bb url_new_window=\u00bbon\u00bb button_text=\u00bbP\u00eddanos un presupuesto personalizado\u00bb admin_label=\u00bbCTA Pide un presupuesto\u00bb module_class=\u00bbcta-intersticial\u00bb _builder_version=\u00bb4.27.4&#8243; _dynamic_attributes=\u00bbbutton_url,link_option_url\u00bb link_option_url=\u00bb@ET-DC@eyJkeW5hbWljIjp0cnVlLCJjb250ZW50IjoicG9zdF9saW5rX3VybF9wYWdlIiwic2V0dGluZ3MiOnsicG9zdF9pZCI6IjE1MTEiLCJlbmFibGVfaHRtbCI6Im9mZiJ9fQ==@\u00bb link_option_url_new_window=\u00bbon\u00bb global_colors_info=\u00bb{}\u00bb button_text_size__hover_enabled=\u00bboff\u00bb button_text_size__hover=\u00bbnull\u00bb button_one_text_size__hover_enabled=\u00bboff\u00bb button_one_text_size__hover=\u00bbnull\u00bb button_two_text_size__hover_enabled=\u00bboff\u00bb button_two_text_size__hover=\u00bbnull\u00bb button_text_color__hover_enabled=\u00bboff\u00bb button_text_color__hover=\u00bbnull\u00bb button_one_text_color__hover_enabled=\u00bboff\u00bb button_one_text_color__hover=\u00bbnull\u00bb button_two_text_color__hover_enabled=\u00bboff\u00bb button_two_text_color__hover=\u00bbnull\u00bb button_border_width__hover_enabled=\u00bboff\u00bb button_border_width__hover=\u00bbnull\u00bb button_one_border_width__hover_enabled=\u00bboff\u00bb button_one_border_width__hover=\u00bbnull\u00bb button_two_border_width__hover_enabled=\u00bboff\u00bb button_two_border_width__hover=\u00bbnull\u00bb button_border_color__hover_enabled=\u00bboff\u00bb button_border_color__hover=\u00bbnull\u00bb button_one_border_color__hover_enabled=\u00bboff\u00bb button_one_border_color__hover=\u00bbnull\u00bb button_two_border_color__hover_enabled=\u00bboff\u00bb button_two_border_color__hover=\u00bbnull\u00bb button_border_radius__hover_enabled=\u00bboff\u00bb button_border_radius__hover=\u00bbnull\u00bb button_one_border_radius__hover_enabled=\u00bboff\u00bb button_one_border_radius__hover=\u00bbnull\u00bb button_two_border_radius__hover_enabled=\u00bboff\u00bb button_two_border_radius__hover=\u00bbnull\u00bb button_letter_spacing__hover_enabled=\u00bboff\u00bb button_letter_spacing__hover=\u00bbnull\u00bb button_one_letter_spacing__hover_enabled=\u00bboff\u00bb button_one_letter_spacing__hover=\u00bbnull\u00bb button_two_letter_spacing__hover_enabled=\u00bboff\u00bb button_two_letter_spacing__hover=\u00bbnull\u00bb button_bg_color__hover_enabled=\u00bboff\u00bb button_bg_color__hover=\u00bbnull\u00bb button_one_bg_color__hover_enabled=\u00bboff\u00bb button_one_bg_color__hover=\u00bbnull\u00bb button_two_bg_color__hover_enabled=\u00bboff\u00bb button_two_bg_color__hover=\u00bbnull\u00bb]<\/p>\n<p>Nos adaptamos a tus necesidades: te ofrecemos una soluci\u00f3n a la medida. Rellena el formulario y d\u00edganos qu\u00e9 necesitas. Te preparamos una propuesta adaptada a tu equipo, en las fechas e instalaciones que m\u00e1s te encajen. Nos avalan m\u00e1s de 40 a\u00f1os de experiencia.     <\/p>\n<p>[\/et_pb_cta][\/et_pb_column][\/et_pb_row][\/et_pb_section][et_pb_section fb_built=\u00bb1&#8243; admin_label=\u00bbSection SOSTENIBILITAT I ACCESSIBILITAT\u00bb module_id=\u00bbapectes_tecnics\u00bb _builder_version=\u00bb4.24.2&#8243; _module_preset=\u00bbdefault\u00bb custom_margin=\u00bb100px||||false|false\u00bb global_module=\u00bb47818&#8243; saved_tabs=\u00bball\u00bb locked=\u00bboff\u00bb collapsed=\u00bboff\u00bb global_colors_info=\u00bb{}\u00bb][et_pb_row _builder_version=\u00bb4.24.2&#8243; locked=\u00bboff\u00bb global_colors_info=\u00bb{}\u00bb][et_pb_column type=\u00bb4_4&#8243; _builder_version=\u00bb4.16&#8243; custom_padding=\u00bb|||\u00bb global_colors_info=\u00bb{}\u00bb custom_padding__hover=\u00bb|||\u00bb][et_pb_text admin_label=\u00bbLes nostres cases de col\u00f2nies s\u00f3n&#8230;\u00bb _builder_version=\u00bb4.27.4&#8243; custom_margin=\u00bb||||false|false\u00bb custom_margin_tablet=\u00bb\u00bb custom_margin_phone=\u00bb||||false|false\u00bb custom_margin_last_edited=\u00bbon|desktop\u00bb global_colors_info=\u00bb{}\u00bb transform_styles__hover_enabled=\u00bbon|hover\u00bb transform_scale__hover_enabled=\u00bbon|desktop\u00bb transform_translate__hover_enabled=\u00bbon|desktop\u00bb transform_rotate__hover_enabled=\u00bbon|hover\u00bb transform_skew__hover_enabled=\u00bbon|desktop\u00bb transform_origin__hover_enabled=\u00bbon|desktop\u00bb]<\/p>\n<h2>Las casas de colonias fundesplai son&#8230;<\/h2>\n<p>[\/et_pb_text][\/et_pb_column][\/et_pb_row][et_pb_row column_structure=\u00bb1_2,1_2&#8243; make_equal=\u00bbon\u00bb _builder_version=\u00bb4.24.2&#8243; _module_preset=\u00bbdefault\u00bb background_color=\u00bb#E9E9E9&#8243; width=\u00bb100%\u00bb max_width=\u00bb100%\u00bb custom_margin=\u00bb||||false|false\u00bb global_colors_info=\u00bb{}\u00bb][et_pb_column type=\u00bb1_2&#8243; _builder_version=\u00bb4.24.2&#8243; _module_preset=\u00bbdefault\u00bb global_colors_info=\u00bb{}\u00bb][et_pb_text admin_label=\u00bbCASES ACCESSIBLES\u00bb _builder_version=\u00bb4.24.2&#8243; _module_preset=\u00bbdefault\u00bb width=\u00bb80%\u00bb module_alignment=\u00bbcenter\u00bb custom_padding=\u00bb30px||30px||false|false\u00bb global_colors_info=\u00bb{}\u00bb]<\/p>\n<h3><i class=\"fa-solid fa-wheelchair-move\"><\/i> Casas de colonias accesibles<\/h3>\n<p>Nuestras <a href=\"https:\/\/cases.fundesplai.org\/es\/alojamientos\/\">casas de colonias y albergues<\/a> son accesibles para personas con movilidad reducida. Caminos, salas, comedores, habitaciones y ba\u00f1os adaptados sin barreras arquitect\u00f3nicas. Para que todo el mundo pueda disfrutar de actividades de ocio educativo en entornos naturales.<\/p>\n<p><a href=\"https:\/\/cases.fundesplai.org\/es\/alojamientos\/?fwp_agrupacio_tipus_equipament=albergs-i-cases-de-colonies&#038;fwp_caracteristiques_destacades=edifici-totalment-adaptat\">&gt; Conoce nuestras casas accesibles<\/a><\/p>\n<p>[\/et_pb_text][\/et_pb_column][et_pb_column type=\u00bb1_2&#8243; _builder_version=\u00bb4.24.2&#8243; _module_preset=\u00bbdefault\u00bb background_color=\u00bb#E9E9E9&#8243; background_image=\u00bbhttps:\/\/cases.fundesplai.org\/wp-content\/uploads\/2024\/02\/cases-colonies-accessibles-cadira-rodes_Fundesplai.jpg\u00bb global_colors_info=\u00bb{}\u00bb][\/et_pb_column][\/et_pb_row][et_pb_row column_structure=\u00bb1_2,1_2&#8243; make_equal=\u00bbon\u00bb _builder_version=\u00bb4.24.2&#8243; _module_preset=\u00bbdefault\u00bb background_color=\u00bb#E9E9E9&#8243; width=\u00bb100%\u00bb max_width=\u00bb100%\u00bb global_colors_info=\u00bb{}\u00bb][et_pb_column type=\u00bb1_2&#8243; _builder_version=\u00bb4.24.2&#8243; _module_preset=\u00bbdefault\u00bb background_color=\u00bb#E9E9E9&#8243; background_image=\u00bbhttps:\/\/cases.fundesplai.org\/wp-content\/uploads\/2018\/02\/Alberg_Centre_Esplai_plaques.jpg\u00bb global_colors_info=\u00bb{}\u00bb][\/et_pb_column][et_pb_column type=\u00bb1_2&#8243; _builder_version=\u00bb4.24.2&#8243; _module_preset=\u00bbdefault\u00bb global_colors_info=\u00bb{}\u00bb][et_pb_text admin_label=\u00bbCASES SOSTENIBLES\u00bb _builder_version=\u00bb4.24.2&#8243; _module_preset=\u00bbdefault\u00bb width=\u00bb80%\u00bb module_alignment=\u00bbcenter\u00bb custom_padding=\u00bb30px||30px||false|false\u00bb global_colors_info=\u00bb{}\u00bb]<\/p>\n<h3><i class=\"fa-solid fa-leaf\"><\/i> Casas de colonias sostenibles<\/h3>\n<p>La sostenibilidad es un rasgo fundamental de todas nuestras <a href=\"https:\/\/cases.fundesplai.org\/es\/alojamientos\/\">casas de colonias y albergues<\/a> y de nuestra forma de educar. Nuestras casas de colonias son sostenibles por respeto a la naturaleza, por minimizar las emisiones de CO<sub>2<\/sub> y nuestra huella ecol\u00f3gica.<\/p>\n<p><a href=\"https:\/\/cases.fundesplai.org\/es\/conoce-2\/la-sostenibilidad\/\">&gt; Leer m\u00e1s sobre la sostenibilidad en nuestras casas y albergues<\/a><\/p>\n<p>[\/et_pb_text][\/et_pb_column][\/et_pb_row][et_pb_row column_structure=\u00bb1_2,1_2&#8243; make_equal=\u00bbon\u00bb _builder_version=\u00bb4.24.2&#8243; _module_preset=\u00bbdefault\u00bb background_color=\u00bb#E9E9E9&#8243; width=\u00bb100%\u00bb max_width=\u00bb100%\u00bb custom_margin=\u00bb||||false|false\u00bb global_colors_info=\u00bb{}\u00bb][et_pb_column type=\u00bb1_2&#8243; _builder_version=\u00bb4.24.2&#8243; _module_preset=\u00bbdefault\u00bb global_colors_info=\u00bb{}\u00bb][et_pb_text admin_label=\u00bbCASES ACOLLIDORES I SEGURES\u00bb _builder_version=\u00bb4.24.2&#8243; _module_preset=\u00bbdefault\u00bb width=\u00bb80%\u00bb module_alignment=\u00bbcenter\u00bb custom_padding=\u00bb30px||30px||false|false\u00bb global_colors_info=\u00bb{}\u00bb]<\/p>\n<h3><i class=\"fa-solid fa-bed\"><\/i> Casas de colonias acogedoras y seguras<\/h3>\n<p>Nuestras <a href=\"https:\/\/cases.fundesplai.org\/es\/alojamientos\/\">casas de colonias y albergues<\/a> est\u00e1n pensadas para sentirse como en casa desde el primer momento. Cuentan con habitaciones familiares confortables y bien equipadas, espacios amplios y polivalentes, zonas ajardinadas, ambiente c\u00e1lido y medidas de seguridad con todos los requisitos. <\/p>\n<p><a href=\"https:\/\/cases.fundesplai.org\/es\/alojamientos\/?fwp_agrupacio_tipus_equipament=albergs-i-cases-de-colonies&#038;fwp_caracteristiques_destacades=edifici-totalment-adaptat\">&gt; Explora nuestros equipamientos y servicios<\/a><\/p>\n<p>[\/et_pb_text][\/et_pb_column][et_pb_column type=\u00bb1_2&#8243; _builder_version=\u00bb4.24.2&#8243; _module_preset=\u00bbdefault\u00bb background_color=\u00bb#E9E9E9&#8243; background_image=\u00bbhttps:\/\/cases.fundesplai.org\/wp-content\/uploads\/2025\/03\/Menjador-La-Rectoria-de-la-Selva-Fundesplai.jpg\u00bb global_colors_info=\u00bb{}\u00bb][\/et_pb_column][\/et_pb_row][et_pb_row column_structure=\u00bb1_2,1_2&#8243; make_equal=\u00bbon\u00bb _builder_version=\u00bb4.24.2&#8243; _module_preset=\u00bbdefault\u00bb background_color=\u00bb#E9E9E9&#8243; width=\u00bb100%\u00bb max_width=\u00bb100%\u00bb global_colors_info=\u00bb{}\u00bb][et_pb_column type=\u00bb1_2&#8243; _builder_version=\u00bb4.24.2&#8243; _module_preset=\u00bbdefault\u00bb background_color=\u00bb#E9E9E9&#8243; background_image=\u00bbhttps:\/\/cases.fundesplai.org\/wp-content\/uploads\/2025\/03\/Paisatge-natural-Fundesplai-nens-caminant.jpg\u00bb global_colors_info=\u00bb{}\u00bb][\/et_pb_column][et_pb_column type=\u00bb1_2&#8243; _builder_version=\u00bb4.24.2&#8243; _module_preset=\u00bbdefault\u00bb global_colors_info=\u00bb{}\u00bb][et_pb_text admin_label=\u00bbCASES ENMIG DE LA NATURA\u00bb _builder_version=\u00bb4.24.2&#8243; _module_preset=\u00bbdefault\u00bb width=\u00bb80%\u00bb module_alignment=\u00bbcenter\u00bb custom_padding=\u00bb30px||30px||false|false\u00bb global_colors_info=\u00bb{}\u00bb]<\/p>\n<h3><i class=\"fa-solid fa-mountain\"><\/i> Casas de colonias en medio de la naturaleza<\/h3>\n<p>Nuestras instalaciones permiten conectar con la naturaleza de forma aut\u00e9ntica y saludable. Est\u00e1n situadas en zonas de gran inter\u00e9s paisaj\u00edstico del territorio catal\u00e1n, ideales para descubrir haciendo actividades de educaci\u00f3n ambiental, rutas o excursiones en familia. <\/p>\n<p><a href=\"https:\/\/cases.fundesplai.org\/es\/itinerarios-de-naturaleza\/\">&gt; Descubre itinerarios de naturaleza en los alrededores de nuestras casas y albergues<\/a><\/p>\n<p>[\/et_pb_text][\/et_pb_column][\/et_pb_row][et_pb_row column_structure=\u00bb1_2,1_2&#8243; make_equal=\u00bbon\u00bb _builder_version=\u00bb4.24.2&#8243; _module_preset=\u00bbdefault\u00bb background_color=\u00bb#E9E9E9&#8243; width=\u00bb100%\u00bb max_width=\u00bb100%\u00bb custom_margin=\u00bb||||false|false\u00bb global_colors_info=\u00bb{}\u00bb][et_pb_column type=\u00bb1_2&#8243; _builder_version=\u00bb4.24.2&#8243; _module_preset=\u00bbdefault\u00bb global_colors_info=\u00bb{}\u00bb][et_pb_text admin_label=\u00bbCASES AMB TRACTE FAMILIAR\u00bb _builder_version=\u00bb4.24.2&#8243; _module_preset=\u00bbdefault\u00bb width=\u00bb80%\u00bb module_alignment=\u00bbcenter\u00bb custom_padding=\u00bb30px||30px||false|false\u00bb global_colors_info=\u00bb{}\u00bb]<\/p>\n<h3><i class=\"fa-solid fa-pot-food\"><\/i> Casas de colonias con trato familiar<\/h3>\n<p>Ofrecemos un trato personalizado y muy cercano para que la experiencia sea memorable. Apostamos por platos tradicionales de cocina casera basados \u200b\u200ben la dieta mediterr\u00e1nea y con certificaci\u00f3n <a href=\"http:\/\/www.amed.cat\/es\/\">Amed<\/a> y un equipo de monitores y monitoras expertas en naturaleza, deporte y din\u00e1micas de ocio educativo. <\/p>\n<p><a href=\"https:\/\/cases.fundesplai.org\/es\/conoce-2\/la-alimentacion\/\">&gt; Lee m\u00e1s sobre nuestra cocina casera y saludable<\/a><\/p>\n<p>&nbsp;<\/p>\n<p>[\/et_pb_text][\/et_pb_column][et_pb_column type=\u00bb1_2&#8243; _builder_version=\u00bb4.24.2&#8243; _module_preset=\u00bbdefault\u00bb background_color=\u00bb#E9E9E9&#8243; background_image=\u00bbhttps:\/\/cases.fundesplai.org\/wp-content\/uploads\/2025\/03\/Cuina-casolana-Fundesplai.jpg\u00bb global_colors_info=\u00bb{}\u00bb][\/et_pb_column][\/et_pb_row][\/et_pb_section][et_pb_section fb_built=\u00bb1&#8243; admin_label=\u00bbSection SEGUEIX-NOS\u00bb module_class=\u00bbseccio-segueix-nos\u00bb _builder_version=\u00bb4.24.2&#8243; custom_margin=\u00bb100px||50px||false|false\u00bb custom_margin_tablet=\u00bb\u00bb custom_margin_phone=\u00bb50px||||false|false\u00bb custom_margin_last_edited=\u00bbon|phone\u00bb global_module=\u00bb932&#8243; locked=\u00bboff\u00bb collapsed=\u00bbon\u00bb global_colors_info=\u00bb{}\u00bb][et_pb_row _builder_version=\u00bb4.24.2&#8243; background_size=\u00bbinitial\u00bb background_position=\u00bbtop_left\u00bb background_repeat=\u00bbrepeat\u00bb max_width=\u00bb1080px\u00bb global_colors_info=\u00bb{}\u00bb][et_pb_column type=\u00bb4_4&#8243; _builder_version=\u00bb4.16&#8243; custom_padding=\u00bb|||\u00bb global_colors_info=\u00bb{}\u00bb custom_padding__hover=\u00bb|||\u00bb][et_pb_text admin_label=\u00bbSegueix-nos\u00bb _builder_version=\u00bb4.24.2&#8243; text_orientation=\u00bbcenter\u00bb global_colors_info=\u00bb{}\u00bb]<\/p>\n<h2>\u00a1S\u00edguenos!<\/h2>\n<p>[\/et_pb_text][et_pb_text admin_label=\u00bbFormulari subscripci\u00f3 ofertes\u00bb _builder_version=\u00bb4.24.2&#8243; text_orientation=\u00bbcenter\u00bb global_colors_info=\u00bb{}\u00bb]<\/p>\n<p>\u00a1No te pierdas nuestras ofertas!<\/p>\n<script type=\"text\/javascript\">\n\/* <![CDATA[ *\/\nvar gform;gform||(document.addEventListener(\"gform_main_scripts_loaded\",function(){gform.scriptsLoaded=!0}),document.addEventListener(\"gform\/theme\/scripts_loaded\",function(){gform.themeScriptsLoaded=!0}),window.addEventListener(\"DOMContentLoaded\",function(){gform.domLoaded=!0}),gform={domLoaded:!1,scriptsLoaded:!1,themeScriptsLoaded:!1,isFormEditor:()=>\"function\"==typeof InitializeEditor,callIfLoaded:function(o){return!(!gform.domLoaded||!gform.scriptsLoaded||!gform.themeScriptsLoaded&&!gform.isFormEditor()||(gform.isFormEditor()&&console.warn(\"The use of gform.initializeOnLoaded() is deprecated in the form editor context and will be removed in Gravity Forms 3.1.\"),o(),0))},initializeOnLoaded:function(o){gform.callIfLoaded(o)||(document.addEventListener(\"gform_main_scripts_loaded\",()=>{gform.scriptsLoaded=!0,gform.callIfLoaded(o)}),document.addEventListener(\"gform\/theme\/scripts_loaded\",()=>{gform.themeScriptsLoaded=!0,gform.callIfLoaded(o)}),window.addEventListener(\"DOMContentLoaded\",()=>{gform.domLoaded=!0,gform.callIfLoaded(o)}))},hooks:{action:{},filter:{}},addAction:function(o,r,e,t){gform.addHook(\"action\",o,r,e,t)},addFilter:function(o,r,e,t){gform.addHook(\"filter\",o,r,e,t)},doAction:function(o){gform.doHook(\"action\",o,arguments)},applyFilters:function(o){return gform.doHook(\"filter\",o,arguments)},removeAction:function(o,r){gform.removeHook(\"action\",o,r)},removeFilter:function(o,r,e){gform.removeHook(\"filter\",o,r,e)},addHook:function(o,r,e,t,n){null==gform.hooks[o][r]&&(gform.hooks[o][r]=[]);var d=gform.hooks[o][r];null==n&&(n=r+\"_\"+d.length),gform.hooks[o][r].push({tag:n,callable:e,priority:t=null==t?10:t})},doHook:function(r,o,e){var t;if(e=Array.prototype.slice.call(e,1),null!=gform.hooks[r][o]&&((o=gform.hooks[r][o]).sort(function(o,r){return o.priority-r.priority}),o.forEach(function(o){\"function\"!=typeof(t=o.callable)&&(t=window[t]),\"action\"==r?t.apply(null,e):e[0]=t.apply(null,e)})),\"filter\"==r)return e[0]},removeHook:function(o,r,t,n){var e;null!=gform.hooks[o][r]&&(e=(e=gform.hooks[o][r]).filter(function(o,r,e){return!!(null!=n&&n!=o.tag||null!=t&&t!=o.priority)}),gform.hooks[o][r]=e)}});\n\/* ]]> *\/\n<\/script>\n\n                <div class='gf_browser_gecko gform_wrapper gravity-theme gform-theme--no-framework' data-form-theme='gravity-theme' data-form-index='0' id='gform_wrapper_2' ><div id='gf_2' class='gform_anchor' tabindex='-1'><\/div>\n                        <div class='gform_heading'>\n\t\t\t\t\t\t\t<p class='gform_required_legend'><\/p>\n                        <\/div><form method='post' enctype='multipart\/form-data' target='gform_ajax_frame_2' id='gform_2'  action='\/es\/wp-json\/wp\/v2\/pages\/66710#gf_2' data-formid='2' novalidate>\n                        <div class='gform-body gform_body'><div id='gform_fields_2' class='gform_fields top_label form_sublabel_below description_below validation_below'><div id=\"field_2_3\" class=\"gfield gfield--type-honeypot gform_validation_container field_sublabel_below gfield--has-description field_description_below field_validation_below gfield_visibility_visible\"  ><label class='gfield_label gform-field-label' for='input_2_3'>URL<\/label><div class='ginput_container'><input name='input_3' id='input_2_3' type='text' value='' autocomplete='new-password'\/><\/div><div class='gfield_description' id='gfield_description_2_3'>Este campo es un campo de validaci\u00f3n y debe quedar sin cambios.<\/div><\/div><div id=\"field_2_1\" class=\"gfield gfield--type-email gfield_contains_required field_sublabel_below gfield--no-description field_description_below field_validation_below gfield_visibility_visible\"  ><label class='gfield_label gform-field-label' for='input_2_1'>Correo electr\u00f3nico<span class=\"gfield_required\"><span class=\"gfield_required gfield_required_asterisk\">*<\/span><\/span><\/label><div class='ginput_container ginput_container_email'>\n                            <input name='input_1' id='input_2_1' type='email' value='' class='large'   placeholder='Tu correo electr\u00f3nico' aria-required=\"true\" aria-invalid=\"false\"  \/>\n                        <\/div><\/div><fieldset id=\"field_2_2\" class=\"gfield gfield--type-checkbox gfield--type-choice gfield_contains_required field_sublabel_below gfield--no-description field_description_below field_validation_below gfield_visibility_visible\"  ><legend class='gfield_label gform-field-label gfield_label_before_complex' >Pol\u00edtica de confidencialidad<span class=\"gfield_required\"><span class=\"gfield_required gfield_required_asterisk\">*<\/span><\/span><\/legend><div class='ginput_container ginput_container_checkbox'><div class='gfield_checkbox ' id='input_2_2'><div class='gchoice gchoice_2_2_1'>\n\t\t\t\t\t\t\t\t<input class='gfield-choice-input' name='input_2.1' type='checkbox'  value='He llegit i accepto els &lt;a href=&quot;https:\/\/cases.fundesplai.org\/es\/?page_id=5001&quot; target=&#039;_blank&#039;&gt;termes de confidencialitat&lt;\/a&gt;'  id='choice_2_2_1'   \/>\n\t\t\t\t\t\t\t\t<label for='choice_2_2_1' id='label_2_2_1' class='gform-field-label gform-field-label--type-inline'>He le\u00eddo y acepto los <a href=\"https:\/\/cases.fundesplai.org\/es\/?page_id=5001\" target='_blank'>t\u00e9rminos de confidencialidad<\/a><\/label>\n\t\t\t\t\t\t\t<\/div><\/div><\/div><\/fieldset><\/div><\/div>\n        <div class='gform-footer gform_footer top_label'> <input type='submit' id='gform_submit_button_2' class='gform_button button' onclick='gform.submission.handleButtonClick(this);' data-submission-type='submit' value='Suscr\u00edbete'  \/> <input type='hidden' name='gform_ajax' value='form_id=2&amp;title=&amp;description=&amp;tabindex=0&amp;theme=gravity-theme&amp;styles=[]&amp;hash=e90f29bb306f92b5f3e449c3180fad4f' \/>\n            <input type='hidden' class='gform_hidden' name='gform_submission_method' data-js='gform_submission_method_2' value='iframe' \/>\n            <input type='hidden' class='gform_hidden' name='gform_theme' data-js='gform_theme_2' id='gform_theme_2' value='gravity-theme' \/>\n            <input type='hidden' class='gform_hidden' name='gform_style_settings' data-js='gform_style_settings_2' id='gform_style_settings_2' value='[]' \/>\n            <input type='hidden' class='gform_hidden' name='is_submit_2' value='1' \/>\n            <input type='hidden' class='gform_hidden' name='gform_submit' value='2' \/>\n            \n            <input type='hidden' class='gform_hidden' name='gform_currency' data-currency='EUR' value='AEARpeD3sGH3Iseu1X6EGanUTCm+k+Kz2N7+5AduA1RjELqNrep5eVSM8z9siUl3rDIqK5qERJWZGgrx1qvjzHuP3r759dafG8FaecQ61WsN\/Y4=' \/>\n            <input type='hidden' class='gform_hidden' name='gform_unique_id' value='' \/>\n            <input type='hidden' class='gform_hidden' name='state_2' value='WyJbXSIsIjgxYjAzNDZmYjIyOTc2MDc0Y2FlMDk1MjBmODM0ODAzIl0=' \/>\n            <input type='hidden' autocomplete='off' class='gform_hidden' name='gform_target_page_number_2' id='gform_target_page_number_2' value='0' \/>\n            <input type='hidden' autocomplete='off' class='gform_hidden' name='gform_source_page_number_2' id='gform_source_page_number_2' value='1' \/>\n            <input type='hidden' name='gform_field_values' value='' \/>\n            \n        <\/div>\n                        <\/form>\n                        <\/div>\n\t\t                <iframe style='display:none;width:0px;height:0px;' src='about:blank' name='gform_ajax_frame_2' id='gform_ajax_frame_2' title='Este iframe contiene la l\u00f3gica necesaria para gestionar formularios con ajax activado.'><\/iframe>\n\t\t                <script type=\"text\/javascript\">\n\/* <![CDATA[ *\/\n gform.initializeOnLoaded( function() {gformInitSpinner( 2, 'https:\/\/cases.fundesplai.org\/wp-content\/plugins\/gravityforms\/images\/spinner.svg', true );jQuery('#gform_ajax_frame_2').on('load',function(){var contents = jQuery(this).contents().find('*').html();var is_postback = contents.indexOf('GF_AJAX_POSTBACK') >= 0;if(!is_postback){return;}var form_content = jQuery(this).contents().find('#gform_wrapper_2');var is_confirmation = jQuery(this).contents().find('#gform_confirmation_wrapper_2').length > 0;var is_redirect = contents.indexOf('gformRedirect(){') >= 0;var is_form = form_content.length > 0 && ! is_redirect && ! is_confirmation;var mt = parseInt(jQuery('html').css('margin-top'), 10) + parseInt(jQuery('body').css('margin-top'), 10) + 100;if(is_form){jQuery('#gform_wrapper_2').html(form_content.html());if(form_content.hasClass('gform_validation_error')){jQuery('#gform_wrapper_2').addClass('gform_validation_error');} else {jQuery('#gform_wrapper_2').removeClass('gform_validation_error');}setTimeout( function() { \/* delay the scroll by 50 milliseconds to fix a bug in chrome *\/ jQuery(document).scrollTop(jQuery('#gform_wrapper_2').offset().top - mt); }, 50 );if(window['gformInitDatepicker']) {gformInitDatepicker();}if(window['gformInitPriceFields']) {gformInitPriceFields();}var current_page = jQuery('#gform_source_page_number_2').val();gformInitSpinner( 2, 'https:\/\/cases.fundesplai.org\/wp-content\/plugins\/gravityforms\/images\/spinner.svg', true );jQuery(document).trigger('gform_page_loaded', [2, current_page]);window['gf_submitting_2'] = false;}else if(!is_redirect){var confirmation_content = jQuery(this).contents().find('.GF_AJAX_POSTBACK').html();if(!confirmation_content){confirmation_content = contents;}jQuery('#gform_wrapper_2').replaceWith(confirmation_content);jQuery(document).scrollTop(jQuery('#gf_2').offset().top - mt);jQuery(document).trigger('gform_confirmation_loaded', [2]);window['gf_submitting_2'] = false;wp.a11y.speak(jQuery('#gform_confirmation_message_2').text());}else{jQuery('#gform_2').append(contents);if(window['gformRedirect']) {gformRedirect();}}jQuery(document).trigger(\"gform_pre_post_render\", [{ formId: \"2\", currentPage: \"current_page\", abort: function() { this.preventDefault(); } }]);        if (event && event.defaultPrevented) {                return;        }        const gformWrapperDiv = document.getElementById( \"gform_wrapper_2\" );        if ( gformWrapperDiv ) {            const visibilitySpan = document.createElement( \"span\" );            visibilitySpan.id = \"gform_visibility_test_2\";            gformWrapperDiv.insertAdjacentElement( \"afterend\", visibilitySpan );        }        const visibilityTestDiv = document.getElementById( \"gform_visibility_test_2\" );        let postRenderFired = false;        function triggerPostRender() {            if ( postRenderFired ) {                return;            }            postRenderFired = true;            gform.core.triggerPostRenderEvents( 2, current_page );            if ( visibilityTestDiv ) {                visibilityTestDiv.parentNode.removeChild( visibilityTestDiv );            }        }        function debounce( func, wait, immediate ) {            var timeout;            return function() {                var context = this, args = arguments;                var later = function() {                    timeout = null;                    if ( !immediate ) func.apply( context, args );                };                var callNow = immediate && !timeout;                clearTimeout( timeout );                timeout = setTimeout( later, wait );                if ( callNow ) func.apply( context, args );            };        }        const debouncedTriggerPostRender = debounce( function() {            triggerPostRender();        }, 200 );        if ( visibilityTestDiv && visibilityTestDiv.offsetParent === null ) {            const observer = new MutationObserver( ( mutations ) => {                mutations.forEach( ( mutation ) => {                    if ( mutation.type === 'attributes' && visibilityTestDiv.offsetParent !== null ) {                        debouncedTriggerPostRender();                        observer.disconnect();                    }                });            });            observer.observe( document.body, {                attributes: true,                childList: false,                subtree: true,                attributeFilter: [ 'style', 'class' ],            });        } else {            triggerPostRender();        }    } );} ); \n\/* ]]> *\/\n<\/script>\n\n<p>[\/et_pb_text][et_pb_text admin_label=\u00bbSegueix-nos a les xarxes socials\u00bb _builder_version=\u00bb4.16&#8243; text_orientation=\u00bbcenter\u00bb global_colors_info=\u00bb{}\u00bb]<\/p>\n<p>S\u00edguenos tambi\u00e9n en las redes sociales<\/p>\n<p>[\/et_pb_text][et_pb_social_media_follow admin_label=\u00bbXarxes socials\u00bb _builder_version=\u00bb4.24.2&#8243; text_orientation=\u00bbcenter\u00bb border_radii=\u00bbon|30px|30px|30px|30px\u00bb global_colors_info=\u00bb{}\u00bb][et_pb_social_media_follow_network social_network=\u00bbfacebook\u00bb url=\u00bbhttps:\/\/www.facebook.com\/cases.colonies\/\u00bb _builder_version=\u00bb4.16&#8243; background_color=\u00bb#3b5998&#8243; global_colors_info=\u00bb{}\u00bb]<\/p>\n<p>Facebook<\/p>\n<p>[\/et_pb_social_media_follow_network][et_pb_social_media_follow_network social_network=\u00bbinstagram\u00bb url=\u00bbhttps:\/\/www.instagram.com\/casesfundesplai\/\u00bb _builder_version=\u00bb4.24.2&#8243; background_color=\u00bb#517fa4&#8243; global_colors_info=\u00bb{}\u00bb]<\/p>\n<p>Instagram<\/p>\n<p>[\/et_pb_social_media_follow_network][\/et_pb_social_media_follow][\/et_pb_column][\/et_pb_row][\/et_pb_section][et_pb_section fb_built=\u00bb1&#8243; module_class=\u00bbseccio-som-fundesplai\u00bb _builder_version=\u00bb4.16&#8243; background_color=\u00bb#c3c3c2&#8243; global_module=\u00bb958&#8243; locked=\u00bboff\u00bb collapsed=\u00bbon\u00bb global_colors_info=\u00bb{}\u00bb][et_pb_row column_structure=\u00bb1_3,2_3&#8243; make_equal=\u00bbon\u00bb _builder_version=\u00bb4.16&#8243; max_width=\u00bb1080px\u00bb global_colors_info=\u00bb{}\u00bb][et_pb_column type=\u00bb1_3&#8243; _builder_version=\u00bb4.16&#8243; background_image=\u00bbhttps:\/\/cases.fundesplai.org\/wp-content\/uploads\/2018\/01\/ninots-1.png\u00bb background_size=\u00bbcontain\u00bb background_position=\u00bbbottom_left\u00bb custom_padding=\u00bb|||\u00bb global_colors_info=\u00bb{}\u00bb custom_padding__hover=\u00bb|||\u00bb][\/et_pb_column][et_pb_column type=\u00bb2_3&#8243; _builder_version=\u00bb4.16&#8243; custom_padding=\u00bb50px||50px|50px\u00bb global_colors_info=\u00bb{}\u00bb custom_padding__hover=\u00bb|||\u00bb][et_pb_text admin_label=\u00bbSom Fundesplai\u00bb _builder_version=\u00bb4.16&#8243; custom_margin=\u00bb||20px|\u00bb global_colors_info=\u00bb{}\u00bb]\n\t\t\t<div>\n\t\t\t\t<h2>\n\t\t\t\t\tSomos Fundesplai\n\t\t\t\t<\/h2>\n\t\t\t\t<p>\n\t\t\t\t\tSomos <strong>Fundesplai<\/strong>, una entidad sin \u00e1nimo de lucro con la misi\u00f3n de educar a los ni\u00f1os, ni\u00f1as y j\u00f3venes, fortalecer las entidades de ocio y tiempo libre y el Tercer Sector, mejorar el medio ambiente y promover la ciudadan\u00eda y la inclusi\u00f3n social, con voluntad transformadora.\n\t\t\t\t<\/p>\n\t\t\t\t<p>\n\t\t\t\t\tEl entorno natural de las casas de colonias es ideal para desarrollar nuestra tarea.\n\t\t\t\t<\/p>\n\t\t\t\t<p>\n\t\t\t\t\t<a class='et_pb_button et_pb_custom_button_icon et_hover_enabled et_pb_bg_layout_light' href='https:\/\/fundesplai.org\/coneix-fundesplai\/' data-icon='' style='display: inline-block;'>\n\t\t\t\t\t\tConoce Fundesplai\n\t\t\t\t\t<\/a>\n\t\t\t\t<\/p>\n\t\t\t<\/div>\n\t\t[\/et_pb_text][\/et_pb_column][\/et_pb_row][\/et_pb_section]<\/p>\n","protected":false},"excerpt":{"rendered":"<p>Organiza jornadas y estancias deportivas por tu equipo en casas de colonias en la naturaleza. Alojamiento ideal para grupos. \u00a1Cons\u00faltanos!  <\/p>\n","protected":false},"author":426,"featured_media":66704,"parent":46762,"menu_order":0,"comment_status":"closed","ping_status":"closed","template":"","meta":{"_et_pb_use_builder":"on","_et_pb_old_content":"","_et_gb_content_width":"","footnotes":""},"class_list":["post-66710","page","type-page","status-publish","has-post-thumbnail","hentry"],"yoast_head":"<!-- This site is optimized with the Yoast SEO plugin v27.4 - https:\/\/yoast.com\/product\/yoast-seo-wordpress\/ -->\n<title>Jornadas y estancias para entidades deportivas - Cases de col\u00f2nies - Fundesplai<\/title>\n<meta name=\"description\" content=\"Organiza jornadas y estancias deportivas por tu equipo en casas de colonias en la naturaleza. Alojamiento ideal para grupos. \u00a1Cons\u00faltanos!\" \/>\n<meta name=\"robots\" content=\"index, follow, max-snippet:-1, max-image-preview:large, max-video-preview:-1\" \/>\n<link rel=\"canonical\" href=\"https:\/\/cases.fundesplai.org\/es\/conoce\/jornadas-y-estancias-para-entidades-deportivas\/\" \/>\n<meta property=\"og:locale\" content=\"es_ES\" \/>\n<meta property=\"og:type\" content=\"article\" \/>\n<meta property=\"og:title\" content=\"Jornadas y estancias para entidades deportivas - Cases de col\u00f2nies - Fundesplai\" \/>\n<meta property=\"og:description\" content=\"Organiza jornadas y estancias deportivas por tu equipo en casas de colonias en la naturaleza. Alojamiento ideal para grupos. \u00a1Cons\u00faltanos!\" \/>\n<meta property=\"og:url\" content=\"https:\/\/cases.fundesplai.org\/es\/conoce\/jornadas-y-estancias-para-entidades-deportivas\/\" \/>\n<meta property=\"og:site_name\" content=\"Cases de col\u00f2nies - Fundesplai\" \/>\n<meta property=\"article:modified_time\" content=\"2026-04-28T20:30:40+00:00\" \/>\n<meta property=\"og:image\" content=\"https:\/\/cases.fundesplai.org\/wp-content\/uploads\/2026\/04\/Partit-basquet-pista-esportiva-Sau.jpg\" \/>\n\t<meta property=\"og:image:width\" content=\"1888\" \/>\n\t<meta property=\"og:image:height\" content=\"900\" \/>\n\t<meta property=\"og:image:type\" content=\"image\/jpeg\" \/>\n<meta name=\"twitter:card\" content=\"summary_large_image\" \/>\n<meta name=\"twitter:label1\" content=\"Tiempo de lectura\" \/>\n\t<meta name=\"twitter:data1\" content=\"31 minutos\" \/>\n<script type=\"application\/ld+json\" class=\"yoast-schema-graph\">{\"@context\":\"https:\\\/\\\/schema.org\",\"@graph\":[{\"@type\":\"WebPage\",\"@id\":\"https:\\\/\\\/cases.fundesplai.org\\\/es\\\/conoce\\\/jornadas-y-estancias-para-entidades-deportivas\\\/\",\"url\":\"https:\\\/\\\/cases.fundesplai.org\\\/es\\\/conoce\\\/jornadas-y-estancias-para-entidades-deportivas\\\/\",\"name\":\"Jornadas y estancias para entidades deportivas - Cases de col\u00f2nies - Fundesplai\",\"isPartOf\":{\"@id\":\"https:\\\/\\\/cases.fundesplai.org\\\/es\\\/#website\"},\"primaryImageOfPage\":{\"@id\":\"https:\\\/\\\/cases.fundesplai.org\\\/es\\\/conoce\\\/jornadas-y-estancias-para-entidades-deportivas\\\/#primaryimage\"},\"image\":{\"@id\":\"https:\\\/\\\/cases.fundesplai.org\\\/es\\\/conoce\\\/jornadas-y-estancias-para-entidades-deportivas\\\/#primaryimage\"},\"thumbnailUrl\":\"https:\\\/\\\/cases.fundesplai.org\\\/wp-content\\\/uploads\\\/2026\\\/04\\\/Partit-basquet-pista-esportiva-Sau.jpg\",\"datePublished\":\"2026-04-28T20:20:10+00:00\",\"dateModified\":\"2026-04-28T20:30:40+00:00\",\"description\":\"Organiza jornadas y estancias deportivas por tu equipo en casas de colonias en la naturaleza. Alojamiento ideal para grupos. \u00a1Cons\u00faltanos!\",\"breadcrumb\":{\"@id\":\"https:\\\/\\\/cases.fundesplai.org\\\/es\\\/conoce\\\/jornadas-y-estancias-para-entidades-deportivas\\\/#breadcrumb\"},\"inLanguage\":\"es\",\"potentialAction\":[{\"@type\":\"ReadAction\",\"target\":[\"https:\\\/\\\/cases.fundesplai.org\\\/es\\\/conoce\\\/jornadas-y-estancias-para-entidades-deportivas\\\/\"]}]},{\"@type\":\"ImageObject\",\"inLanguage\":\"es\",\"@id\":\"https:\\\/\\\/cases.fundesplai.org\\\/es\\\/conoce\\\/jornadas-y-estancias-para-entidades-deportivas\\\/#primaryimage\",\"url\":\"https:\\\/\\\/cases.fundesplai.org\\\/wp-content\\\/uploads\\\/2026\\\/04\\\/Partit-basquet-pista-esportiva-Sau.jpg\",\"contentUrl\":\"https:\\\/\\\/cases.fundesplai.org\\\/wp-content\\\/uploads\\\/2026\\\/04\\\/Partit-basquet-pista-esportiva-Sau.jpg\",\"width\":1888,\"height\":900,\"caption\":\"Partido baloncesto pista deportiva casas de colonias Sau Fundesplai\"},{\"@type\":\"BreadcrumbList\",\"@id\":\"https:\\\/\\\/cases.fundesplai.org\\\/es\\\/conoce\\\/jornadas-y-estancias-para-entidades-deportivas\\\/#breadcrumb\",\"itemListElement\":[{\"@type\":\"ListItem\",\"position\":1,\"name\":\"Inici\",\"item\":\"https:\\\/\\\/cases.fundesplai.org\\\/es\\\/inici-2\\\/\"},{\"@type\":\"ListItem\",\"position\":2,\"name\":\"Entidades y empresas\",\"item\":\"https:\\\/\\\/cases.fundesplai.org\\\/es\\\/conoce\\\/\"},{\"@type\":\"ListItem\",\"position\":3,\"name\":\"Jornadas y estancias para entidades deportivas\"}]},{\"@type\":\"WebSite\",\"@id\":\"https:\\\/\\\/cases.fundesplai.org\\\/es\\\/#website\",\"url\":\"https:\\\/\\\/cases.fundesplai.org\\\/es\\\/\",\"name\":\"Cases de col\u00f2nies - Fundesplai\",\"description\":\"Equipaments de Fundesplai\",\"potentialAction\":[{\"@type\":\"SearchAction\",\"target\":{\"@type\":\"EntryPoint\",\"urlTemplate\":\"https:\\\/\\\/cases.fundesplai.org\\\/es\\\/?s={search_term_string}\"},\"query-input\":{\"@type\":\"PropertyValueSpecification\",\"valueRequired\":true,\"valueName\":\"search_term_string\"}}],\"inLanguage\":\"es\"}]}<\/script>\n<!-- \/ Yoast SEO plugin. -->","yoast_head_json":{"title":"Jornadas y estancias para entidades deportivas - Cases de col\u00f2nies - Fundesplai","description":"Organiza jornadas y estancias deportivas por tu equipo en casas de colonias en la naturaleza. Alojamiento ideal para grupos. \u00a1Cons\u00faltanos!","robots":{"index":"index","follow":"follow","max-snippet":"max-snippet:-1","max-image-preview":"max-image-preview:large","max-video-preview":"max-video-preview:-1"},"canonical":"https:\/\/cases.fundesplai.org\/es\/conoce\/jornadas-y-estancias-para-entidades-deportivas\/","og_locale":"es_ES","og_type":"article","og_title":"Jornadas y estancias para entidades deportivas - Cases de col\u00f2nies - Fundesplai","og_description":"Organiza jornadas y estancias deportivas por tu equipo en casas de colonias en la naturaleza. Alojamiento ideal para grupos. \u00a1Cons\u00faltanos!","og_url":"https:\/\/cases.fundesplai.org\/es\/conoce\/jornadas-y-estancias-para-entidades-deportivas\/","og_site_name":"Cases de col\u00f2nies - Fundesplai","article_modified_time":"2026-04-28T20:30:40+00:00","og_image":[{"width":1888,"height":900,"url":"https:\/\/cases.fundesplai.org\/wp-content\/uploads\/2026\/04\/Partit-basquet-pista-esportiva-Sau.jpg","type":"image\/jpeg"}],"twitter_card":"summary_large_image","twitter_misc":{"Tiempo de lectura":"31 minutos"},"schema":{"@context":"https:\/\/schema.org","@graph":[{"@type":"WebPage","@id":"https:\/\/cases.fundesplai.org\/es\/conoce\/jornadas-y-estancias-para-entidades-deportivas\/","url":"https:\/\/cases.fundesplai.org\/es\/conoce\/jornadas-y-estancias-para-entidades-deportivas\/","name":"Jornadas y estancias para entidades deportivas - Cases de col\u00f2nies - Fundesplai","isPartOf":{"@id":"https:\/\/cases.fundesplai.org\/es\/#website"},"primaryImageOfPage":{"@id":"https:\/\/cases.fundesplai.org\/es\/conoce\/jornadas-y-estancias-para-entidades-deportivas\/#primaryimage"},"image":{"@id":"https:\/\/cases.fundesplai.org\/es\/conoce\/jornadas-y-estancias-para-entidades-deportivas\/#primaryimage"},"thumbnailUrl":"https:\/\/cases.fundesplai.org\/wp-content\/uploads\/2026\/04\/Partit-basquet-pista-esportiva-Sau.jpg","datePublished":"2026-04-28T20:20:10+00:00","dateModified":"2026-04-28T20:30:40+00:00","description":"Organiza jornadas y estancias deportivas por tu equipo en casas de colonias en la naturaleza. Alojamiento ideal para grupos. \u00a1Cons\u00faltanos!","breadcrumb":{"@id":"https:\/\/cases.fundesplai.org\/es\/conoce\/jornadas-y-estancias-para-entidades-deportivas\/#breadcrumb"},"inLanguage":"es","potentialAction":[{"@type":"ReadAction","target":["https:\/\/cases.fundesplai.org\/es\/conoce\/jornadas-y-estancias-para-entidades-deportivas\/"]}]},{"@type":"ImageObject","inLanguage":"es","@id":"https:\/\/cases.fundesplai.org\/es\/conoce\/jornadas-y-estancias-para-entidades-deportivas\/#primaryimage","url":"https:\/\/cases.fundesplai.org\/wp-content\/uploads\/2026\/04\/Partit-basquet-pista-esportiva-Sau.jpg","contentUrl":"https:\/\/cases.fundesplai.org\/wp-content\/uploads\/2026\/04\/Partit-basquet-pista-esportiva-Sau.jpg","width":1888,"height":900,"caption":"Partido baloncesto pista deportiva casas de colonias Sau Fundesplai"},{"@type":"BreadcrumbList","@id":"https:\/\/cases.fundesplai.org\/es\/conoce\/jornadas-y-estancias-para-entidades-deportivas\/#breadcrumb","itemListElement":[{"@type":"ListItem","position":1,"name":"Inici","item":"https:\/\/cases.fundesplai.org\/es\/inici-2\/"},{"@type":"ListItem","position":2,"name":"Entidades y empresas","item":"https:\/\/cases.fundesplai.org\/es\/conoce\/"},{"@type":"ListItem","position":3,"name":"Jornadas y estancias para entidades deportivas"}]},{"@type":"WebSite","@id":"https:\/\/cases.fundesplai.org\/es\/#website","url":"https:\/\/cases.fundesplai.org\/es\/","name":"Cases de col\u00f2nies - Fundesplai","description":"Equipaments de Fundesplai","potentialAction":[{"@type":"SearchAction","target":{"@type":"EntryPoint","urlTemplate":"https:\/\/cases.fundesplai.org\/es\/?s={search_term_string}"},"query-input":{"@type":"PropertyValueSpecification","valueRequired":true,"valueName":"search_term_string"}}],"inLanguage":"es"}]}},"_links":{"self":[{"href":"https:\/\/cases.fundesplai.org\/es\/wp-json\/wp\/v2\/pages\/66710","targetHints":{"allow":["GET"]}}],"collection":[{"href":"https:\/\/cases.fundesplai.org\/es\/wp-json\/wp\/v2\/pages"}],"about":[{"href":"https:\/\/cases.fundesplai.org\/es\/wp-json\/wp\/v2\/types\/page"}],"author":[{"embeddable":true,"href":"https:\/\/cases.fundesplai.org\/es\/wp-json\/wp\/v2\/users\/426"}],"replies":[{"embeddable":true,"href":"https:\/\/cases.fundesplai.org\/es\/wp-json\/wp\/v2\/comments?post=66710"}],"version-history":[{"count":2,"href":"https:\/\/cases.fundesplai.org\/es\/wp-json\/wp\/v2\/pages\/66710\/revisions"}],"predecessor-version":[{"id":66715,"href":"https:\/\/cases.fundesplai.org\/es\/wp-json\/wp\/v2\/pages\/66710\/revisions\/66715"}],"up":[{"embeddable":true,"href":"https:\/\/cases.fundesplai.org\/es\/wp-json\/wp\/v2\/pages\/46762"}],"wp:featuredmedia":[{"embeddable":true,"href":"https:\/\/cases.fundesplai.org\/es\/wp-json\/wp\/v2\/media\/66704"}],"wp:attachment":[{"href":"https:\/\/cases.fundesplai.org\/es\/wp-json\/wp\/v2\/media?parent=66710"}],"curies":[{"name":"wp","href":"https:\/\/api.w.org\/{rel}","templated":true}]}}